{"id":214,"date":"2019-09-20T14:21:24","date_gmt":"2019-09-20T12:21:24","guid":{"rendered":"http:\/\/www.cfccp.net\/?page_id=214"},"modified":"2020-02-04T01:03:52","modified_gmt":"2020-02-04T00:03:52","slug":"informations-avant-2016","status":"publish","type":"page","link":"https:\/\/www.cfccp.net\/index.php\/archives\/informations-avant-2016\/","title":{"rendered":"Informations avant 2016"},"content":{"rendered":"\n<p><strong><em><a href=\"http:\/\/www.cfccp.net\/index.php\/archives\/\">&lt;=\u00a0\u00a0 RETOUR AUX ARCHIVES<\/a><\/em><\/strong><\/p>\n\n\n<p><\/p>\n<p><!--StartFragment--><\/p>\n\n\n<p class=\"has-text-color has-background has-primary-color has-quaternary-background-color\"><strong>Cette page vous permet de consulter les anciennes informations du site web du CFCCP.<\/strong><\/p>\n\n\n\n<h4>44\u00e8me salon des collectionneurs de GISORS 10 avril 2016<\/h4>\n\n\n\n<p>Messieurs,<br>Nous vous serions tr\u00e8s oblig\u00e9s de bien vouloir porter \u00e0 la connaissance de vos adh\u00e9rents la manifestation que nous organisons et dont nous vous d\u00e9crivons ci-dessous les caract\u00e9ristiques.<br>L&rsquo;Amicale des Collectionneurs de Gisors et de sa r\u00e9gion organise, comme chaque ann\u00e9e, le second dimanche du mois d&rsquo;Avril, soit cette ann\u00e9e le dimanche 10 avril 2016, son 44\u00e8me Salon des Collectionneurs \u2013 cartes postales, timbres, vieux papiers, monnaies, muselets.<br>Il aura lieu \u00e0 la salle des F\u00eates de la ville, Place des Libert\u00e9s, qui nous est aimablement et gracieusement mise \u00e0 disposition par la municipalit\u00e9.<br>Entr\u00e9e gratuite de 8 \u00e0 18 heures pour les visiteurs (ouverture des portes \u00e0 7 heures pour l&rsquo;installation des exposants). Service bar-restauration l\u00e9g\u00e8re organis\u00e9 par l&rsquo;association.<br>Renseignements- R\u00e9servations:<br>Christian SIMAEYS, Pr\u00e9sident<br>14 avenue de Verdun 27140 GISORS<br>T\u00e9l: 02 32 55 13 41 OU 09 64 33 64 51<br>Courriel: christiansimaeys@gmail.com OU collectionneurs.gisors@gmail.com<br><\/p>\n\n\n\n<h4>19 novembre 2015<\/h4>\n\n\n\n<p>Une date \u00e0 retenir.<br>A la demande de l&rsquo;Association historique et arch\u00e9ologique du XV\u00e8 arrdt, le jeudi 19 novembre \u00e0 18h, Serge ZEYONS, Pr\u00e9sident d&rsquo;Honneur du CFCCP, fera un expos\u00e9 \u00e0 la Mairie du XV\u00e8 sur les Origines et l&rsquo;histoire de la carte postale illustr\u00e9e.<br>Cet expos\u00e9 sera accompagn\u00e9 de projection de documents anciens.<br>Salle Saint-Lambert, Mairie du XV\u00e8, 31 rue P\u00e9clet<br>M\u00e9tro Vaugirard (ligne 12) &#8211; Bus : 39, 70, 80, 88<\/p>\n\n\n\n<h4>L&rsquo;aluminium s&rsquo;invite aux f\u00eates 22-24 mai 2015<\/h4>\n\n\n\n<p>Notre adh\u00e9rente Fran\u00e7oise VALETTE exposera des cartes de sa collection \u00e0 M\u00e2con lors du Championnat de France Phila-France 2015.<br>Parc des expositions de M\u00e2con, vendredi 22, samedi 23 et dimanche 24 mai de 9h30 \u00e0 18h, lundi 25 de 9h30 \u00e0 17H. Entr\u00e9e libre<\/p>\n\n\n\n<h4>D\u00e9c\u00e8s de Jean-Charles CLOUET<\/h4>\n\n\n\n<p>La nouvelle m&rsquo;est tomb\u00e9e sur la t\u00eate. Le samedi 2 mai au matin, j&rsquo;appelle Jean-Charles CLOUET au t\u00e9l\u00e9phone. Une voix que je ne connais pas me r\u00e9pond : \u00ab\u00a0Ce n&rsquo;est pas Jean-Charles mais son fils. Mon p\u00e8re est d\u00e9c\u00e9d\u00e9 cette nuit d&rsquo;un infarctus du myocarde\u00a0\u00bb. Je suis abasourdi.<br>Quelques jours auparavant, le 21 avril, Jean-Charles \u00e9tait des n\u00f4tres \u00e0 la r\u00e9union du Cercle, toujours aussi gentil, souriant, aimable avec les uns et les autres, attentif aux cartes postales pr\u00e9sent\u00e9es ce jour-l\u00e0 &#8211; notamment les cartes de Bretagne, d&rsquo;Ille-et-Vilaine qu&rsquo;il recherchait avec gourmandise &#8230;<br>Jean-Charles CLOUET \u00e9tait membre du CFCCP depuis tr\u00e8s longtemps. Son m\u00e9tier de contr\u00f4leur de la navigation a\u00e9rienne l&rsquo;avait conduit durant plusieurs ann\u00e9es \u00e0 l&rsquo;Ile de la r\u00e9union. Mais il n&rsquo;avait pas quitt\u00e9 l&rsquo;association et avait retrouv\u00e9 nos rencontres d\u00e8s son retour et sa retraite; En cette douloureuse circonstance, nous adressons \u00e0 sa femme et \u00e0 sa famille, nos tr\u00e8s fraternelles et affectueuses condol\u00e9ances.<br>Pour le CFCCP, Serge ZEYONS<\/p>\n\n\n\n<h4>Lille 3000<\/h4>\n\n\n\n<p>Dans le cadre de Lille 3000 sur le th\u00e8me \u00ab\u00a0Renaissance\u00a0\u00bb http:\/\/www.lille3000.eu\/renaissance\/fr\/ est organis\u00e9 un \u00e9v\u00e9nement \u00a0\u00bb Collection \/ Connection\u00a0\u00bb, en novembre prochain dans le Nord (DON) dont l&rsquo;objectif est de recevoir des cartes postales actuelles de tous horizons adress\u00e9es \u00e0 la mairie de Don pour faire le parall\u00e8le avec une ancienne collection de 1000 cartes postales de monuments au morts d&rsquo;apr\u00e8s guerre (1918-1930). Le d\u00e9fi est de collecter avant novembre plus de 1000 cartes permettant de rivaliser avec la collection historique. Un \u00e9v\u00e9nement permettra de mettre en vis \u00e0 vis les deux collections avec des animations https:\/\/www.facebook.com\/events\/1531538997128989\/<\/p>\n\n\n\n<h4>Evocation des CPA de 14-18 devant les Centraliens<\/h4>\n\n\n\n<p>Dans le cadre des manifestations du souvenir de la Guerre de 14-18, l&rsquo;Association des centraliens organise un colloque le 21 mai.<br>A la fin des hostilit\u00e9s, on a estim\u00e9 que 80 % des batteries d&rsquo;artillerie \u00e9taient command\u00e9s par des centraliens et en reconnaissance , l&rsquo;\u00e9cole re\u00e7ut dans les ann\u00e9es 20 la Croix de guerre.<br>Ronald MATTATIA fera un expos\u00e9 m\u00ealant guerre et cartes postales. Il \u00e9voquera de nombreuses cartes montrant soldats, drapeaux et fleurs sauvages telles que les bleuets, les jonquilles ou les marguerites. Il s&rsquo;appuiera sur la documentation r\u00e9unie avec l&rsquo;aide de nombreux adh\u00e9rents du CFCCP, et \u00e0 la demande de la Mairie de Paris, \u00e0 l&rsquo;occasion de l&rsquo;exposition \u00ab\u00a0Fleurs de Campagne\u00a0\u00bb dans les Jardins de bagatelle \u00e0 Paris.<\/p>\n\n\n\n<h4>Exposition et Bourse d&rsquo;Echanges au Centre Charlemagne \u00e0 Bois-Colombes 7 f\u00e9vrier 2015<\/h4>\n\n\n\n<p>Le 7 f\u00e9vrier 2015 \u00e0 15h, Michel TOULET a anim\u00e9 une conf\u00e9rence sur les \u00ab\u00a0Petits m\u00e9tiers d&rsquo;autrefois\u00a0\u00bb au centre Charlemagne \u00e0 Bois-Colombes. Une soixantaine de personnes \u00e9taient venus assister \u00e0 cette conf\u00e9rence. Le lendemain 8 f\u00e9vrier, une tr\u00e8s belle exposition comprenant Philat\u00e9lie et Cartophile ainsi qu&rsquo;une bourse d&rsquo;\u00e9changes ont attir\u00e9 de nombreux visiteurs.<\/p>\n\n\n\n<h4>Exposition de CPA sur la Guerre 14-18 \u00e0 Leuville \/ Orge novembre 2014<\/h4>\n\n\n\n<p>Notre ami et adh\u00e9rent, Bernard NANTY, a expos\u00e9 sa tr\u00e8s belle collection de la guerre 14-18 \u00e0 Leuville sur Orge durant 8 jours en novembre 2014. Des centaines d&rsquo;adultes et d&rsquo;enfants des \u00e9coles, ont pu ainsi op\u00e9rer une d\u00e9marche de m\u00e9moire, et ce d&rsquo;autant plus que Bernard NANTY tr\u00e8s pr\u00e9sent a pu r\u00e9pondre aux questions des visiteurs.<\/p>\n\n\n\n<h4>Conf\u00e9rence de Michel TOULET 7 f\u00e9vrier 2015<\/h4>\n\n\n\n<p>Samedi 7 f\u00e9vrier 2015 \u00e0 15h, notre ami Michel TOULET pr\u00e9sentera :<br>\u00ab\u00a0Les petits m\u00e9tiers de France au d\u00e9but du 20\u00e8 si\u00e8cle\u00a0\u00bb<br>lors de la manifestation philat\u00e9lique et cartophile de Bois-Colombes, les 7 et 8 f\u00e9vrier 2015 (exposition et conf\u00e9rence le samedi, exposition et bourse le dimanche).<br>Adresse : Galerie Charlemagne, 9 rue F\u00e9lix Baquet, Bois-Colombes. Acc\u00e8s par SNCF, gare St-Lazare.<br>Organisateur : Cercle philat\u00e9lique et cartophilie de Bois-Colombes.<\/p>\n\n\n\n<h4>D\u00e9c\u00e8s de Fran\u00e7ois GIRES, Pierre BOISARD et Pierre GROSFILLEX<\/h4>\n\n\n\n<p>D&rsquo;autres disparitions sont h\u00e9las \u00e0 d\u00e9plorer au sein de notre association.<br>Nous avons ainsi appris \u00e9galement les d\u00e9c\u00e8s de Fran\u00e7ois GIRES (adh\u00e9rent de Paris IV), de Pierre BOISARD (adh\u00e9rent d&rsquo;Asni\u00e8res) et de Pierre GROSFILLEX (adh\u00e9rent de saint Adresse).<br>Le CFCCP s&rsquo;associe \u00e0 la peine des familles et leur pr\u00e9sente, au nom de ses adh\u00e9rents, ses sinc\u00e8res condol\u00e9ances.<\/p>\n\n\n\n<h4>D\u00e9c\u00e8s de Jean-Claude CARRE 24 d\u00e9cembre 2013<\/h4>\n\n\n\n<p>Jean-Claude CARRE, auteur, \u00e9diteur et expert cartophile est d\u00e9c\u00e9d\u00e9 le 24 d\u00e9cembre 2013.<br>Nous sommes nombreux \u00e0 l&rsquo;avoir crois\u00e9 dans les salons cartophiles, nombreux \u00e0 avoir compuls\u00e9 ses ouvrages consacr\u00e9s \u00e0 la carte postale de collection : citons les r\u00e9pertoires de cartes postales r\u00e9gionales I et II parus en 1989 et 1990, et les 5 guides argus qui, de 2001 \u00e0 2007, ont propos\u00e9 aux collectionneurs des classements par \u00e9diteurs et des cotations d&rsquo;une multitude de cartes postales anciennes r\u00e9gionales.<br>Jean-Claude CARRE \u00e9tait membre du CFCCP depuis 2001 et le Cercle pr\u00e9sente r\u00e9guli\u00e8rement ses ouvrages dans les salons auxquels il participe. Sa disparition est une grande perte pour le monde cartophile, et tout sp\u00e9cialement pour le CFCCP o\u00f9 nous avons toujours appr\u00e9ci\u00e9 sa gentillesse et sa collaboration.<br>Nous pr\u00e9sentons \u00e0 toute sa famille nos tr\u00e8s sinc\u00e8res condol\u00e9ances.<br>Jacques GUIEUX<\/p>\n\n\n\n<h4>Le X\u00e8me dans la guerre<\/h4>\n\n\n\n<p>Jeannine CHRISTOPHE nous informe :<br>Du 3 au 25 septembre, pour la comm\u00e9moration de la guerre 1914-18, une exposition est organis\u00e9e \u00e0 la mairie du X\u00e8 intitul\u00e9e \u201c Le 10e dans la guerre (cartes postales)\u201d<br>Une communication de Jeannine Christophe intitul\u00e9e \u201cGuerre \u00e0 la guerre\u201d, d\u2019apr\u00e8s l\u2019\u0153uvre graphique de Steinlen\u201d sera pr\u00e9sent\u00e9e au Colloque \u201cGares en guerre\u201d les 3-5 septembre.<\/p>\n\n\n\n<h4>Exposition l&rsquo;Art culinaire, autrefois dans le X\u00e8me<\/h4>\n\n\n\n<p>Jeannine CHRISTOPHE nous informe d&rsquo;une exposition intitul\u00e9e :<br>L\u2019Art culinaire, autrefois dans le Xe (cartes postales)\u201d du 10 au 27 juin \u00e0 la mairie du X\u00e8me.<br>L&rsquo;Inauguration est pr\u00e9vue le mercredi 11 juin \u00e0 19 h, mais l&rsquo;exposition commence le mardi 10 juin. L&rsquo;entr\u00e9e est libre.<br>Le programme complet \u00e0 l&rsquo;adresse suivante :<br>http:\/\/ensemble10.free.fr\/private\/Ensemble2014_Programme_DEF.pdf<\/p>\n\n\n\n<h4>Fran\u00e7oise VALETTE expose 14-22 juin 2014<\/h4>\n\n\n\n<p>Lors du championnat de France organis\u00e9 par la F\u00e9d\u00e9ration Fran\u00e7aise de Philat\u00e9lie, j&rsquo;exposerai ma collection de cartes postales \u00ab\u00a0Dites le en aluminium\u00a0\u00bb<br>Cette manifestation se d\u00e9roulera au parc floral de Vincennes, du 14 au 22 juin 2014, de 10h \u00e0 18h. Je serai heureuse de vous la pr\u00e9senter et je vous remercie de me pr\u00e9venir pour \u00eatre s\u00fbre d&rsquo;\u00eatre pr\u00e9sente au parc floral.<br>Mon t\u00e9l\u00e9phone : 06 84 53 02 48<br>P.S. &#8211; Un petit train vous conduira en partance du Ch\u00e2teau de Vincennes.<\/p>\n\n\n\n<h4>Le petit village c\u00f4tier d&rsquo;Audresselles<\/h4>\n\n\n\n<p>Le samedi 8 juin, Alexandre RAIZMAN nous pr\u00e9sentera le petit village c\u00f4tier d&rsquo;Audresselles (62), \u00e0 6 km au sud du cap Gris-Nez. Il abordera les activit\u00e9s traditionnelles (p\u00eache et agriculture), l&rsquo;essor touristique au d\u00e9but du XX\u00e8me si\u00e8cle, le train Renard mis en circulation entre 1906 et 1912, les traces laiss\u00e9es par l&rsquo;occupation allemande entre 1939 et 1944 et la reconstruction et transformation du village \u00e0 partir de 1945.<br>Il nous pr\u00e9sentera aussi l&rsquo;outil EXCEL qu&rsquo;il a d\u00e9velopp\u00e9 pour suivre sa collection.<\/p>\n\n\n\n<h4>Le logement social<\/h4>\n\n\n\n<p>Le samedi 7 juin, Marc-Henri LOUVEL nous parlera du Logement social de la p\u00e9riode des Trois Glorieuses \u00e0 la guerre de 1914.<br>Venez nombreux assister \u00e0 cette pr\u00e9sentation qui se tiendra \u00e0 la maison des Associations 22 rue de la Sa\u00efda 75015 Paris<br>Entr\u00e9e gratuite en fonction des places disponibles<\/p>\n\n\n\n<h4>L&rsquo;espace ALU<\/h4>\n\n\n\n<p>L&rsquo;espace ALU mus\u00e9e d\u00e9di\u00e9 \u00e0 l&rsquo;\u00e9pop\u00e9e de l&rsquo;aluminium dans les Alpes, pr\u00e9sentera d\u00e8s le 12 avril et jusqu&rsquo;au 2 novembre 2014, une centaine de cartes en aluminium de la collection de notre adh\u00e9rente Fran\u00e7oise VALETTE.<br>Espace ALU  Place de l&rsquo;Eglise   73140 St-Miche de Maurienne<\/p>\n\n\n\n<h4>HV10 et la guerre de 14-18. Exposition du 2 au 22 septembre 2014<\/h4>\n\n\n\n<p>Histoire et Vies du X\u00e8me (HV10) la soci\u00e9t\u00e9 historique du 10e arrondissement de Paris, pr\u00e9sid\u00e9e par Jeannine Christophe, membre CFCCP, recherche en vue d\u2019une exposition \u00ab Gares en guerre \u00bb (2-22 septembre 2014) dans le cadre de la comm\u00e9moration de la guerre 14-18 tout document concernant les gares de l\u2019Est et du Nord et leur environnement pendant la guerre.<br>Un colloque sur ce th\u00e8me se tiendra les 2, 3, 4 septembre en mairie du 10e, Jeannine Christophe y fera une communication \u00ab Guerre \u00e0 la Guerre \u00bb sur l\u2019\u0153uvre graphique de Steinlen d\u2019apr\u00e8s les livres de Jacques Christophe \u00ab Steinlen, l\u2019\u0153uvre de guerre \u00bb 2 tomes, \u00e9dition Al\u00e9as, 1999.<br>S\u2019adresser \u00e0 :<br>hv10@club-internet.fr<br><\/p>\n\n\n\n<h4>Colloque carte postale et cr\u00e9ation les 18 et 19 novembre 2013<\/h4>\n\n\n\n<p>L&rsquo;universit\u00e9 Paris-Sorbonne, les mus\u00e9es de Besan\u00e7on, le Centre Andr\u00e9 Chastel organisent un colloque international intitul\u00e9 \u00ab\u00a0carte postale et cr\u00e9ation \u2013 Usages, fonctions, enjeux de la carte postale dans le champ artistique (XIXe \u2013 XXIe si\u00e8cles.<br>Il se d\u00e9roulera du 19 au 21 novembre au Centre Andr\u00e9 Chastel, galerie Colbert, 2, rue Vivienne ou 6, rue des Petits Champs. 75002 Paris.<br>Je vous renvoie au programme qui figure sur le site du Centre Andr\u00e9 Chastel :<br>http:\/\/www.centrechastel.paris-sorbonne.fr\/actualites\/carte-postale-et-creation-0<br>Isabelle Ewig Ma\u00eetre de conf\u00e9rences, Universit\u00e9 Paris-Sorbonne Courriel : isabelle.iewig@paris-sorbonne.fr<\/p>\n\n\n\n<h4>Remerciements<\/h4>\n\n\n\n<p>Notre adh\u00e9rente Carole CATHERINE de Paris a \u00e9t\u00e9 tr\u00e8s sensible \u00e0 l&rsquo;envoi de cartes sur le th\u00e8me de la chaussure par Alain DEBARBOUILLE.<br>Merci \u00e0 Alain<br>Bonne continuation \u00e0 cette collectionneuse.<\/p>\n\n\n\n<h4>La France Paysanne  8 d\u00e9cembre 2012<\/h4>\n\n\n\n<p>La France Paysanne \u00e9tait le th\u00e8me de la conf\u00e9rence-projection r\u00e9alis\u00e9e par Michel TOULET le 8 d\u00e9cembre, lors de notre derni\u00e8re r\u00e9union de l&rsquo;ann\u00e9e 2012<br>Conf\u00e9rence int\u00e9ressante, tr\u00e8s document\u00e9e et illustr\u00e9e par des cartes postales de tr\u00e8s grande qualit\u00e9. Toute l&rsquo;assembl\u00e9e a beaucoup appr\u00e9ci\u00e9.<\/p>\n\n\n\n<h4>Meilleurs voeux de Polyn\u00e9sie<\/h4>\n\n\n\n<p>Une jolie carte de Polyn\u00e9sie de la part de Yvan L&rsquo;HOSTETTE, adh\u00e9rent lointain et fid\u00e8le.<br>Le CFCCP le remercie chaleureusement, comme tous ceux qui \u00e0 l&rsquo;occasion des voeux et du renouvellement de la cotisation envoient de jolies cartes, des messages tr\u00e8s amicaux de f\u00e9licitations et d&rsquo;encouragements, au Pr\u00e9sident et \u00e0 toute l&rsquo;\u00e9quipe pour le bon fonctionnement du CFCCP.<\/p>\n\n\n\n<h4>Retour sur images avec Fran\u00e7ois GABRIEL<\/h4>\n\n\n\n<p>Fran\u00e7ois GABRIEL, le grand-p\u00e8re de notre adh\u00e9rente H\u00e9l\u00e8ne GUILLON, qui a d\u00e9j\u00e0 fait l&rsquo;objet d&rsquo;un article dans le Cartophile n\u00b0 157 du 4\u00e8me trimestre 2011, est de nouveau \u00e0 l&rsquo;honneur.<br>Cette fois ce sont deux num\u00e9ros du Paris-Montmartre qui \u00e9voquent son travail de photographe.<br>A cette occasion, des cartes postales et photos d&rsquo;H\u00e9l\u00e8ne et de Danielle LACROIX ont \u00e9t\u00e9 reproduites, tandis que le Cartophile et le CFCCP sont \u00e9voqu\u00e9s \u00e0 la fin de l&rsquo;article.<br>Paris-Montmartre n\u00b0 13.88 et 13.89, 3\u00e8me et 4\u00e8me trimestre 2012 :<br>\u00ab\u00a0Retour sur images avec Fran\u00e7ois GABRIEL, le photographe de Montmartre\u00a0\u00bb par Marie-France COQUARD.<\/p>\n\n\n\n<h4>Cartes de voeux, une tradition immuable<\/h4>\n\n\n\n<p>Avec l&rsquo;accord de notre adh\u00e9rente Mme MERCHADOU-PANOSSIAN et de la r\u00e9daction du magazine ALADIN, nous avons reproduit dans le cartophile 162 l&rsquo;interview r\u00e9alis\u00e9 par Constance MILOUD, journaliste, dans le cadre d&rsquo;un article sur :<br>Les cartes de voeux, une tradition immuable (\u00e0 lire dans ALADIN de janvier 2013).<br>Fran\u00e7oise MERCHADOU-PANOSSIAN : \u00ab\u00a0Je suis une sorte de gardienne de l&rsquo;intime.\u00a0\u00bb<br>Membre du CFCCP, Fran\u00e7oise s\u00e9lectionne des cartes de voeux : les plus belles graphiquement, mais aussi les plus insolites et intimes.<\/p>\n\n\n\n<h4>Meilleurs voeux de Polyn\u00e9sie<\/h4>\n\n\n\n<p>Une jolie carte postale de Polyn\u00e9sie de la part de Monsieur Yvan L&rsquo;Hostette, adh\u00e9rent lointain et fid\u00e8le.<br>Nous le remercions chaleureusement, comme tous ceux qui \u00e0 l&rsquo;occasionn des voeux et du renouvellement de la cotisation envoient de jolies cartes, des messages tr\u00e8s amicaux de f\u00e9licitations et d&rsquo;encouragements, au Pr\u00e9sident et \u00e0 toute l&rsquo;\u00e9quipe pour le bon fonctionnement du CFCCP.<\/p>\n\n\n\n<h4>Fran\u00e7ois GABRIEL \u00e0 l&rsquo;honneur<\/h4>\n\n\n\n<p>Fran\u00e7ois GABRIEL, Le grand-p\u00e8re de notre adh\u00e9rente H\u00e9l\u00e8ne Guillon, qui a d\u00e9j\u00e0 fait l&rsquo;objet d&rsquo;un article dans le Cartophile n\u00b0 157 du 4\u00e8 trimestre 2011 est de nouveau \u00e0 l&rsquo;honneur.<br>Cette fois ce sont deux num\u00e9ros du Paris-Montmartre qui \u00e9voquent son travail de photographe.<br>A cette occasion, des cartes postales et photos d&rsquo;H\u00e9l\u00e8ne et de Danielle LACROIX ont \u00e9t\u00e9 reproduites, tandis que le Cartophile et le CFCCP sont \u00e9voqu\u00e9s \u00e0 la fin de l&rsquo;article.<br>Paris Montmartre n\u00b0 13.88 et 13.89, 3\u00e8 et 4\u00e8 trimestre 2012. \u00ab\u00a0Retour sur images avec Fran\u00e7ois GABRIEL, le photographe de Montmartre\u00a0\u00bb par marie-France COQUARD.<\/p>\n\n\n\n<h4>Manifestation PHIL Amiens  17-20 mai 2013<\/h4>\n\n\n\n<p>Notre adh\u00e9rente Fran\u00e7oise VALETTE, va pr\u00e9senter, du 17 au 20 mai 2013, \u00e0 la M\u00e9gapole d&rsquo;Amiens, dans le cadre de la grande manifestation nationale \u00ab\u00a0Phil Amiens\u00a0\u00bb , sa collection de cartes postales \u00a0\u00bb Dites-le en aluminium\u00a0\u00bb, compos\u00e9e de 80 feuilles. Elle invite les personnes susceptibles d&rsquo;\u00eatre dans cette r\u00e9gion \u00e0 cette \u00e9poque, \u00e0 la rencontrer. Vous pouvez indiquer votre passage en lui t\u00e9l\u00e9phonant au 0684530248.<\/p>\n\n\n\n<h4> <br>VISUALIA  rejoint PHILAPOSTEL  septembre 2012<\/h4>\n\n\n\n<p>Communiqu\u00e9 de Presse (septembre 2012)<br>Suite \u00e0 la demande de la Direction Nationale des Activit\u00e9s Sociales de la Poste, l&rsquo;association VISUALIA qui regroupe depuis plus de 30 ans les Cartophiles de la Poste de France T\u00e9l\u00e9com, a rejoint la f\u00e9d\u00e9ration PHILAPOSTEL forte de plus de 27 associations et de 2500 membres.<br>Elle conserve n\u00e9anmoins une autonomie de gestion et ses activit\u00e9s traditionnelles : collections, \u00e9ditions et expositions.<br>Nous rappelons que l&rsquo;association \u00e9dite de nombreuses cartes postales originales sur les m\u00e9tiers de la Poste et avec le concours de prestigieux illustrateurs. En 2012, elle a \u00e9dit\u00e9 un nouvel ouvrage historique et cartophile \u00ab\u00a0La Bretagne, terre de l\u00e9gendes et de traditions\u00a0\u00bb qui a rencontr\u00e9 un beau succ\u00e8s. Le Pr\u00e9sident Alain RIPAUX, pr\u00e9pare un nouvel ouvrage sur la France d&rsquo;outre-mer et la francophonie en Am\u00e9rique du nord. Enfin, des r\u00e9unions d&rsquo;\u00e9changes et des dispersions de cartes postales anciennes sont propos\u00e9es r\u00e9guli\u00e8rement sur Paris et en r\u00e9gions.<br>Contact : Alain RIPAUX &#8211; T\u00e9l. : 06 09 44 95 34<br>Courriel : alain.ripaux@laposte.net<br>PHILAPOSTEL VISUALIA  8 rue Brillat Savarin &#8211; 75013 Paris<\/p>\n\n\n\n<h4>Exposition \u00e0 Lessard en Bresse<\/h4>\n\n\n\n<p>Madame MENGS-BERNOLLIN a particip\u00e9, en ao\u00fbt dernier, en collaboration avec une autre collectionneuse, \u00e0 une exposition de cartes pstales 1900 \/ 1910 \u00e0 LESSARD en BRESSE, \u00e9v\u00e8nement qui a connu un vif succ\u00e8s.<br>Outre l&rsquo;histoire du village \u00e0 travers la carte postale, notre adh\u00e9rente a pr\u00e9sent\u00e9 sa collection et objets sur le th\u00e8me de la volaille : les poulets, les coqs, la fermi\u00e8re, les march\u00e9s, etc &#8230; collection dont on connait l&rsquo;excellente qualit\u00e9.<br><br>Mme BENGS-BERNOLLIN<br>T\u00e9l. : 06 83 59 92 33<br>Recherches : les cartes du 71 et 01 concernant la volaille, poules, coqs, march\u00e9s, etc &#8230;<\/p>\n\n\n\n<h4>Solidarit\u00e9 du CFCCP<\/h4>\n\n\n\n<p>Le CFCCP a effectu\u00e9 un don de cent euros \u00e0 l&rsquo;Association MEDECINS SANS FRONTIERES pour l&rsquo;aider dans ses actions humanitaires.<\/p>\n\n\n\n<h4>D\u00e9c\u00e8s de Monsieur RICHARD<\/h4>\n\n\n\n<p>Monsieur RICHARD nous a quitt\u00e9s le 30 juin dernier &#8230;<br>C&rsquo;est au titre de tr\u00e9sori\u00e8re et d&rsquo;amie que je tiens aujourd&rsquo;hui \u00e0 lui renouveler toute ma reconnaissance pour l&rsquo;aide qu&rsquo;il m&rsquo;a apport\u00e9e et pour son soutien et son attachement \u00e0 l&rsquo;Association.<br>Expert comptable de profession,c&rsquo;est en 2003 qu&rsquo;il a accept\u00e9 de contr\u00f4ler les comptes du CFCCP. Sa comp\u00e9tence, ses exigeances et sa rigueur ont \u00e9t\u00e9 un apport inestimable, car le regard qu&rsquo;il portait sur la comptabilit\u00e9 pouvait \u00eatre critique mais toujours constructif.<br>Monsieur RICHARD nous a quitt\u00e9s &#8230;.<br>Adh\u00e9rent au cercle depuis de longues ann\u00e9es, c&rsquo;\u00e9tait un homme discret mais passionn\u00e9 par la collection des cartes postales et notamment par l&rsquo;histoire de la commune de Vanves o\u00f9 il avait pass\u00e9 son enfance.<br>Infatigable, insatiable, il \u00e9tait de tous les salons parisiens et provinciaux<br>Je garderai le souvenir de son rire et de la d\u00e9lectation avec laquelle il ouvrait ses albums, montrait ses cartes humoristiques qui le r\u00e9jouissaient tant et ses trouvailles, qui avaient toutes leur histoire.<br>Je suis \u00e9mue, je suis triste, nos le sommes tous.<br>Nous nous joignons \u00e0 la peine de ses enfants et de ses proches et nous leur adressons nos tr\u00e8s sinc\u00e8res condol\u00e9ances.<br>Claudie GUIEUX<\/p>\n\n\n\n<h4>CP MAG repara\u00eet   1er juin 2012<\/h4>\n\n\n\n<p>CP Mag r\u00e9apparait. Il est disponible depuis le 1er juin 2012.<br>Voici les liens :<br>Site http:\/\/www.cartes.postales.magazine.fr<br>Courriel cartes.postales.magazine@gmail.com<br>T\u00e9l. fixe : 09 70 77 76 33<br>T\u00e9l. portable : 06 89 20 29 26<br><\/p>\n\n\n\n<h4>4000 cartes postales de Neuilly-sur-Seine (92) chez les \u00e9poux LOIRET<\/h4>\n\n\n\n<p>Le n\u00b0 118 de la revue Collectionneurs Chineurs du 20 janvier 2012 pr\u00e9sente un excellent article sur la collection de nos amis Jean et Marie-Fran\u00e7oise LOIRET.<br>4000 cartes de Neuilly-sur-Seine !<br>Outre les boulevards, les rues, les places, les ronds-points, les \u00e9glises, &#8230; des th\u00e8mes d&rsquo;une grande diversit\u00e9 : la guerre, les inondations, les usines, les femmes au travail, les \u00e9coles, les h\u00f4pitaux, les institutions, les f\u00eatesforaines, l&rsquo;aviation &#8230;<br>Il faut lire cet article pour y d\u00e9couvrir la richesse de cette collection et tout le travail de recherche accompli par nos amis qui nous font d\u00e9couvrir un Neuilly inhabituel.<br>Remercions les aussi, d&rsquo;avoir \u00e9voqu\u00e9 le CFCCP, d\u00e9crit comme un cercle tr\u00e8s actif.<\/p>\n\n\n\n<h4>Le Mus\u00e9e de la carte Postale \u00e0 Antibes<\/h4>\n\n\n\n<p>Communiqu\u00e9 du Mus\u00e9e de la Carte Postale 4 Avenue TOURNELLI 06600 ANTIBES<br>Un petit tour au Mus\u00e9e de la Carte Postale \u00e0 Antibes dont voici le lien : http:\/\/www.youtube.com\/watch?v=-Gw7vR1cGJA&amp;sns=em<br>Cliquer sur le bouton :<\/p>\n\n\n\n<h4>Magasin en ligne de Cl\u00e9ment MARECHAL<\/h4>\n\n\n\n<p>Ouverture du magasin en ligne de Cl\u00e9ment MARECHAL.<br>3500 cartes postales environ sont en ligne, mais d&rsquo;autres seront disponibles bient\u00f4t !<br>La boutique est situ\u00e9e :<br>14 passage des Panoramas  75002 PARIS FRANCE<br>T\u00e9l. : 01 42 36 09 46<br>Voici le lien : http:\/\/www.cartespostalesdecollection.com<br>Cliquer sur le bouton :<\/p>\n\n\n\n<h4>Le Mus\u00e9e de la carte Postale \u00e0 Antibes<\/h4>\n\n\n\n<p>Communiqu\u00e9 du Mus\u00e9e de la Carte Postale 4 Avenue TOURNELLI 06600 ANTIBES<br>Le Mus\u00e9e de la Carte Postale, ouvert sans interruption depuis le 1\/07\/2000 a \u00e9t\u00e9 contraint de refuser de recevoir le public depuis le 10\/10\/2010 suite \u00e0 des fuites d\u2019eau r\u00e9currentes et \u00e0 des travaux effectu\u00e9s en d\u00e9pit des r\u00e8gles dans l\u2019appartement qui le surplombe. Le d\u00e9sint\u00e9r\u00eat total des auteurs de ces sinistres, auquel s\u2019ajoute l\u2019apathie de certains acteurs charg\u00e9s de g\u00e9rer ce type de probl\u00e8me, ont emp\u00each\u00e9 de trouver une solution rapide \u00e0 la situation. La palette de l\u2019offre touristique Antiboise a ainsi \u00e9t\u00e9 priv\u00e9e d\u2019une attraction dont l\u2019originalit\u00e9 n\u2019a jamais \u00e9t\u00e9 remise en cause et qui b\u00e9n\u00e9ficie d\u2019une excellente r\u00e9putation tant aupr\u00e8s d\u2019un public averti que des profanes qui l\u2019ont visit\u00e9. Cependant l\u2019\u00e9quipe d\u2019animation du Mus\u00e9e n\u2019est pas rest\u00e9e inactive. C\u2019est ainsi que les 17 et 18 septembre 2011, le Mus\u00e9e de la Carte Postale, \u00e0 la demande et \u00e0 l\u2019initiative de l\u2019UNION PROFESSIONNELLE DE LA CARTE POSTALE (Organisme qui regroupe les \u00e9diteurs les plus importants au plan national) participera \u00e0 une exposition au si\u00e8ge du Minist\u00e8re de la Culture, 3 rue de Valois \u00e0 PARIS sur le th\u00e8me : \u00ab LES 120 ANS DE LA CARTE POSTALE PHOTOGRAPHIQUE EN FRANCE \u00bb dans le cadre des Journ\u00e9es du Patrimoine. A cette occasion, une cinquantaine de reproductions de documents \u00e9manant de l\u2019exposition permanente du Mus\u00e9e, s\u00e9lectionn\u00e9s pour leur valeur documentaire et repr\u00e9sentative de l\u2019histoire de la carte postale seront visibles \u00e0 Paris. Par ailleurs, toujours par le pr\u00eat de documents, d\u00e9but septembre 2011, le Mus\u00e9e de la Carte Postale sera \u00e9galement associ\u00e9 \u00e0 l\u2019\u00e9v\u00e8nement : \u00ab L\u2019EMOTION S\u2019ECRIT \u00bb qui se pr\u00e9sente comme une F\u00eate de l\u2019\u00e9criture qui devrait \u00eatre p\u00e9rennis\u00e9e annuellement. En r\u00e9sum\u00e9, le Mus\u00e9e de la Carte Postale qui depuis plus de 8 mois est oblig\u00e9 de refuser des visiteurs dans l\u2019attente de la r\u00e9paration des d\u00e9g\u00e2ts dont il est victime, fera quand m\u00eame le bonheur des amateurs d\u2019Art et d\u2019Histoire qui se rendront au Minist\u00e8re de la Culture \u00e0 Paris \u00e0 l\u2019occasion des Journ\u00e9es du Patrimoine.<br>Conseil pratique : la station de m\u00e9tro la plus proche est PALAIS ROYAL.<br>Christian DEFLANDRE<\/p>\n\n\n\n<h4>Fontainebleau : souvenir d&rsquo;un taureau disparu<\/h4>\n\n\n\n<p>Le 30 mai 2011, la Poste a \u00e9mis un feuillet de 10 timbres dont l&rsquo;un \u00e9voque le mus\u00e9e Rosa Bonheur de Thom\u00e9ry (1822-1899).<br>A cette occasion, la soci\u00e9t\u00e9 philat\u00e9lique de Fontainebleau-Avon et son secr\u00e9taire, notre ami Michel Couv\u00e9, membre du CFCCP, ont pris l&rsquo;excellente initiative de rappeler par une exposition et l&rsquo;\u00e9dition d&rsquo;un bulletin sp\u00e9cial, l&rsquo;histoire d&rsquo;une sculpture bellifontaine aujourd&rsquo;hui disparue. Celle du taureau \u00e9rig\u00e9 en hommage \u00e0 la grande artiste.<br>Inaugur\u00e9 le 19 mai 1901, ce bel animal s&rsquo;\u00e9levait \u00e0 pr\u00e8s de 5 m\u00e8tres au dessus du sol face \u00e0 l&rsquo;H\u00f4tel de l&rsquo;Aigle Noir, non loin du Ch\u00e2teau.<br>Beaucoup de cartes postales l&rsquo;ont repr\u00e9sent\u00e9. Il a rendu l&rsquo;\u00e2me en novembre 1942, en application de la loi du 11 octobre 1941 ordonnant la r\u00e9cup\u00e9ration des m\u00e9taux ferreux \u00ab\u00a0pour servir l&rsquo;industrie fran\u00e7aise\u00a0\u00bb. Chacun sait qu&rsquo;il s&rsquo;agissait, en v\u00e9rit\u00e9, d&rsquo;approvisionner la machine de guerre allemande.<br>Sur le socle, apr\u00e8s l&rsquo;enl\u00e8vement du taureau, un courageux habitant \u00e9crivit \u00a0\u00bb Pauvre taureau, les vaches ont eu ta peau\u00a0\u00bb. En m\u00eame temps que le taureau furent retir\u00e9s de leur socle la statue du G\u00e9n\u00e9ral DAMESNE et le buste du Pr\u00e9sident SADI-CARNOT. Rappelons qu&rsquo;\u00e0 la m\u00eame \u00e9poque de nombreuses statues de la capitale et d&rsquo;autres villes de la France ocup\u00e9e ont subi le m\u00eame sort.<\/p>\n\n\n\n<h4>Pages cartophiles de TIMBRE MAGAZINE<\/h4>\n\n\n\n<p>Articles de notre Pr\u00e9sident Serge ZEYONS parus au cours de l&rsquo;ann\u00e9e 2010 dans \u00ab\u00a0Timbre Magazine\u00a0\u00bb.<br>n\u00b0 108 janvier : \u00ab\u00a0Paris sous les eaux (les inondations de 1910)\u00a0\u00bb<br>n\u00b0 109 f\u00e9vrier : \u00ab\u00a0les cartes postales des peaux rouges (cartes postales de m\u00e9moire indienne)\u00a0\u00bb<br>n\u00b0 110 mars : \u00a0\u00bb les cris de la rue (les cartes postales t\u00e9moins des bruits urbains)\u00a0\u00bb<br>n\u00b0 111 avril : \u00ab\u00a0voyage en tatouage (le tatouage et ses cartes postales)\u00a0\u00bb<br>n\u00b0 112 mai : \u00ab\u00a0la collection des cartes postales au temps des \u00e9changistes\u00a0\u00bb<br>n 113 juin : \u00ab\u00a0les cartes postals des chiens de police\u00a0\u00bb<br>n\u00b0 114 juillet-ao\u00fbt : \u00ab\u00a0l&rsquo;exp\u00e9dition polaire de l&rsquo;ing\u00e9nieur Andr\u00e9\u00a0\u00bb<br>n\u00b0 115 septembre : \u00ab\u00a0l&rsquo;exp\u00e9dition polaire de l&rsquo;ing\u00e9nieur Andr\u00e9 .. le drame\u00a0\u00bb<br>n\u00b0 116 octobre : \u00ab\u00a0sur un air d&rsquo;accord\u00e9on (le populaire piano du pauvre et ses cartes postales)\u00a0\u00bb<br>n\u00b0 117 novembre : \u00ab\u00a0pour un toit avec toi (la lutte des sans logis \u00e0 la Belle Epoque. Le syndicat de Georges Cochon)\u00a0\u00bb<br>n\u00b0 118 d\u00e9cembre : une collection qui ne manque pas de sel (les cartes postales de salines sur la C\u00f4te Atlantique)\u00a0\u00bb<\/p>\n\n\n\n<h4>D\u00e9c\u00e8s de Colette HAMELIN<\/h4>\n\n\n\n<p>Le dernier message de Colette<br>\u00ab\u00a0maillon d\u00e9tach\u00e9 dans le temps, je suis partie le 18 ao\u00fbt 2010 pour un monde qu&rsquo;on dit meilleur, mais l&rsquo;est-il vraiment ? A un moment donn\u00e9, il faut qu&rsquo;un trait soit tir\u00e9 : finalement la mort n&rsquo;est triste que pour ceux qui restent. Je pars donc sans regret, nul n&rsquo;est irrempla\u00e7able.\u00a0\u00bb<br>Tel est le message que nous a laiss\u00e9 Colette Hamelin sur une carte postale avant de nous quitter avec discr\u00e9tion pour toujours. Colette \u00e9tait une cartophile de longue date et une photographe de talent. C&rsquo;\u00e9tait surtout une amie chaleureuse et sa disparition nous affecte beaucoup. Nous adressons \u00e0 tous ses proches nos tr\u00e8s sinc\u00e8res condol\u00e9ances.<\/p>\n\n\n\n<h4>SAINT-OUEN s&rsquo;expose  27 f\u00e9vrier &#8211; 7 mars 2010<\/h4>\n\n\n\n<p>F\u00e9licitations \u00e0 Fran\u00e7oise Valette et Cyril Vergne qui ont obtenu respectivement les 1er et 2\u00e8me prix pour la pr\u00e9sentation de leurs collections portant sur les cartes aluminium et les cartes photos de Paris.<br>Nous rappelons que c&rsquo;est \u00e0 l&rsquo;occasion de la manifestation \u00ab\u00a0Saint-Ouen s&rsquo;expose\u00a0\u00bb \u00e0 la salle des f\u00eates, organis\u00e9e du 27 f\u00e9vrier au 7 mars 2010 que ces prix ont \u00e9t\u00e9 d\u00e9cern\u00e9s.<\/p>\n\n\n\n<h4>150\u00e8 anniversaire du rattachement \u00e0 la ville de Paris des communes p\u00e9riph\u00e9riques <\/h4>\n\n\n\n<p>En 2010, Paris c\u00e9l\u00e8bre le 150\u00e8 anniversaire du rattachement \u00e0 la ville, des communes p\u00e9riph\u00e9riques situ\u00e9es \u00e0 l&rsquo;int\u00e9rieur de l&rsquo;enceinte de 1840, muraille \u00e9rig\u00e9e sous Louis-Philippe, qu&rsquo;on a tr\u00e8s vite appel\u00e9e les \u00ab\u00a0fortifs\u00a0\u00bb. La capitale prenait ainsi sa configuration actuelle.<br>Les arrondissements f\u00eatent cet \u00e9v\u00e9nement \u00e0 leur convenance. Le XV\u00e8me arrondissement, si\u00e8ge de notre Cercle, organise, tout au long de l&rsquo;ann\u00e9e une s\u00e9rie de manifestations et nous sommes invit\u00e9s \u00e0 y participer. Nous exposerons, en collaboration avec la Soci\u00e9t\u00e9 Historique et Arch\u00e9ologique (SHA) du  <br>XV\u00e8me , une s\u00e9rie de panneaux illustrant l&rsquo;\u00e9volution de l&rsquo;arrondissement. La SHA a souhait\u00e9 \u00e9voquer les 50 derni\u00e8res ann\u00e9es, le CFCCP, lui, pr\u00e9sentera sur une base th\u00e9matique, des CP de la premi\u00e8re partie du  <br>XX\u00e8me  si\u00e8cle. Celle ci se tiendra du 17 (jour du vernissage) au 2 septembre dans la salle des F\u00eates de la Mairie.<br>Venez nombreux !<\/p>\n\n\n\n<h4>L&rsquo;ANGELUS dans tous ses \u00e9tats<\/h4>\n\n\n\n<p>Reproduite \u00e0 des millions d&rsquo;exemplaires par le calendrier des postes, l&rsquo;ang\u00e9lus de Jean-Fran\u00e7ois Millet l&rsquo;a \u00e9t\u00e9 tout autant par la carte postale illustr\u00e9 et mille objets familiers. Ce tableau est aussi le point de d\u00e9part d&rsquo;innombrables interpr\u00e9tations graphiques &#8230; et cartophiles. C&rsquo;est dans ce m\u00eame esprit qu&rsquo;est c\u00e9l\u00e9br\u00e9 \u00e0 Barbizon le 150\u00e8me anniversaie de la cr\u00e9ation de cette toile si connue. Cent cinquante peintres et sculpteurs ont \u00e9t\u00e9 sollicit\u00e9s pour prolonger \u00e0 leur mani\u00e8re dans le temps pr\u00e9sent l&rsquo;oeuvre bucolique du peintre de Barbizon.<br>Exposition \u00e0 l&rsquo;espace culturel Marc Jacquet \u00e0 Barbizon jusqu&rsquo;au 31 juillet 2010. Catalogue disponible.<\/p>\n\n\n\n<h4>D\u00e9c\u00e8s de Jacques RENAUD<\/h4>\n\n\n\n<p>Nous ne croiserons plus ce collectionneur acharn\u00e9 avec sa sacoche et son pas press\u00e9. Il arpentait tous ls salons, \u00e0 la recherche de la carte qui manquait \u00e0 son immense et peut-\u00eatre unique collection en france sur \u00ab\u00a0les chemins de fer\u00a0\u00bb et \u00ab\u00a0les transports parisiens\u00a0\u00bb.<br>Vous l&rsquo;avez surement reconnu, Jacques RENAUD adh\u00e9rent depuis plus de 10 ans au CFCCP nous a quitt\u00e9s et nous sommes tristes.<br>Il restera pour beaucoup d&rsquo;entre nous associ\u00e9 au th\u00e8me \u00ab\u00a0chemins de fer\u00a0\u00bb et \u00e0 la passion de la collection, dans sa qu\u00eate de d\u00e9couvertes et de connaissances.<br>Nous lui en sommes reconnaissants.<\/p>\n\n\n\n<h4>D\u00e9c\u00e8s d&rsquo;Albert GUICHARD  20 d\u00e9cembre 2009<\/h4>\n\n\n\n<p>La famille d&rsquo;Albert GUICHARD a le regret de vous faire part de son d\u00e9c\u00e8s survenu \u00e0 Paris le 20 d\u00e9cembre 2009. Il avai 95 ans.<br>Albert GUICHARD adh\u00e9rent au CFCCP depuis de longue date, \u00e9tait ancien \u00e9l\u00e8ve de l&rsquo;\u00e9cole Boulle et des Arts D\u00e9coratifs. Il a aim\u00e9 fr\u00e9quenter l&rsquo;H\u00f4tel Drouot pendant de nombreuses ann\u00e9es. Antiquaire et sculpteur sur bois, il restaurait principalement des cadres anciens. A sa retraie, il a collectionn\u00e9 des carte postales, essentiellement de Tahiti et de Nouvele Cal\u00e9donie.<br>\u00ab\u00a0Si le temps ne s&rsquo;attaque \u00e0 l&rsquo;oeuvre, c&rsquo;est l&rsquo;ouvrier qu&rsquo;il mord\u00a0\u00bb<br>(Victor SEGALEN Aux dix mille ann\u00e9es)<br>Fran\u00e7ois GUICHARD<br>\u00ab\u00a0le Catalpa\u00a0\u00bb 12 rue de Chevreuse 9140 Orsay<\/p>\n\n\n\n<h4>L\u00e9onord L\u00e9oni<\/h4>\n\n\n\n<p>L\u00e9onard LEONI que nous avons le plaisir et la fiert\u00e9 de compter parmi les adh\u00e9rents du CFCCP, entretient \u00e0 la Ruche un bestiaire singulier compos\u00e9 de lapins, moutons et b\u00e9liers sautant parmi des Tours Eiffel et des raquettes de tennis. Les uns et les autres sont des objets d&rsquo;art fabriqu\u00e9s de main de ma\u00eetre par L\u00e9onard, c\u00e9ramiste de son \u00e9tat.<br>La Ruche est un \u00eelot pr\u00e9serv\u00e9 du XV\u00e8me arrondissement de Paris, un lieu exceptionnel de cr\u00e9ation construit avec les restes de l&rsquo;Exposition Universelle de 1900. Notre ami y r\u00e9side depuis 70 ans. Nous lui souhaitons longue vie et mille joies dans son beau travail.<\/p>\n\n\n\n<h4>\u00ab\u00a0Bien des choses\u00a0\u00bb Un spectacle cartophile<\/h4>\n\n\n\n<p>Les Rouchons \u00e9crivent aux Brochons et vice versa. Cela donne une correspondance cartophile abondante et croustillante post\u00e9e de partout avec, au final, un spectacle craquant imagin\u00e9, \u00e9crit, mis en sc\u00e8ne et jou\u00e9 par Fran\u00e7ois MOREL avec Olivier SALADIN et en prime la voix de Jean ROCHEFORT. Cela s&rsquo;appelle \u00ab\u00a0BIEN DES CHOSES\u00a0\u00bb.<br>A voir au th\u00e9atre de la P\u00e9pini\u00e8re<br>7 rue Louis Le Grand 75007 Paris (m\u00e9tro Op\u00e9ra)<br>Tous les soirs du mardi au samedi \u00e0 19h (1 heure 15 de spectacle)<br>Trente huit adh\u00e9rents du CFCCP, le 12 novembre ont assist\u00e9 au spectacle. La pi\u00e8ce pleine d&rsquo;humour suivi d&rsquo;une rencontre avec les com\u00e9diens ont enchant\u00e9 les participants.<\/p>\n\n\n\n<h4>Tango, tango en cartes postales<\/h4>\n\n\n\n<p>N\u00e9 dans les quartiers populaires de Buenos Aires, le tango s&rsquo;est empar\u00e9 de l&rsquo;Europe d\u00e8s le d\u00e9but du 20\u00e8 si\u00e8cle. Bien que cette danse fut d\u00e9nonc\u00e9e par l&rsquo;\u00e9glise comme attentatoire aux bonnes moeurs, elle a connue durant des d\u00e9cennies un succ\u00e8s dont portent t\u00e9moignage des milliers de cartes postales illustr\u00e9es.&nbsp;Exposition du 1er octobre au 31 d\u00e9cembre 2009<br>4 avenue Tournelli 06600 Antibes (\u00e0 proximit\u00e9 de la gare)<br>T\u00e9l. : 04 93 34 24 88<\/p>\n\n\n\n<h4>cartes photos du 10\u00e8 arrdt de Paris et d&rsquo;ailleurs<\/h4>\n\n\n\n<p>Le jeudi 9 novembre 2009, dans le salon d&rsquo;honneur de la Mairie du X\u00e8, Jeannine CHRISTOPHE, pr\u00e9sidente de l&rsquo;Association historique de cet arrondissement parisien et notre pr\u00e9sident Serge ZEYONS, ont anim\u00e9 une causerie et un d\u00e9bat sur la carte postale photo.<br>A cette occasion , a \u00e9t\u00e9 pr\u00e9sent\u00e9e, projet\u00e9e et comment\u00e9e en pr\u00e9sence d&rsquo;une cinquantaine de participants, une attrayante collection, tr\u00e8s rare et tout \u00e0 fait particuli\u00e8re, de ces cartes postales faisant resurgir les commerces, les petites industries locales et les sc\u00e8nes de rue de jadis autour dela gare de l&rsquo;est, du canal St-Martin et du faubourg du m\u00eame nom.<\/p>\n\n\n\n<h4>Exposition du CFCCP \u00e0 Boulogne Billancourt<\/h4>\n\n\n\n<p>Le CFCCP a pr\u00e9sent\u00e9 du 9 au 18 octobre 209, \u00e0 l&rsquo;H\u00f4tel Sorel \u00e0 Boulogne Billancourt, une exposition de cartes postales anciennes sur Boulogne Billancourt avec les th\u00e8mes suivants :<br>&#8211; la vie de la population<br>&#8211; les activit\u00e9s commerciales, industrielles, culturelles<br>de cette grande cit\u00e9 de la banlieue parisienne.<br>Notons que les cartes pr\u00e9sent\u00e9es provenaient de la collection personnelle de notre adh\u00e9rent Patrick EMANUELLI.<\/p>\n\n\n\n<h4>Les Vacances .. quelle histoire !<\/h4>\n\n\n\n<p>Exposition organis\u00e9e par le Mus\u00e9e de la Poste du 28 octobre au 7 mars 2009.<br>Deux si\u00e8cles d&rsquo;histoire des vacances sont retrac\u00e9s au travers de plus de mille objets qui emm\u00e8nent le visiteur, \u00e0 la mer, \u00e0 la montagne et aux quatre coins de France.<br>Des affiches, des calendriers, des photographies, des films, des pi\u00e8ces de collection des \u00e9tablissements thermaux &#8230; illustrent cette exposition sans oublier les cartes postales, notamment, celles de la collection de notre adh\u00e9rent Marc Lefebve.<br>Mus\u00e9e de la Poste<br>34, boulevard de Vaugirard<br>75015 Paris T\u00e9l. : 01 42 79 24 24<br>Ouverture tous les jours de 10h \u00e0 18h, sauf dimanche et jours f\u00e9ri\u00e9s. Nocturne le lundi jusqu&rsquo; 21h.<\/p>\n\n\n\n<h4>Association Histoire et Traditions Populaires<\/h4>\n\n\n\n<p>Michel Martin, adh\u00e9rent de longue date du CFCCP et domicili\u00e9 \u00e0 La Chauss\u00e9e Saint-Victor dans le Loir et Cher, nous informe qu&rsquo;il est Pr\u00e9sident dans sa localit\u00e9 de l&rsquo;Association Histoire et Traditions Populaires.<br>L&rsquo;associatin a pour but la sauvegarde et la restauration du petit patrimoine local. Avec l&rsquo;aide de la municipalit\u00e9, l&rsquo;\u00e9quipe a reconstruit un lavoir, restaur\u00e9 un autre inaugur\u00e9 en costumes d&rsquo;\u00e9poque, redonn\u00e9 vie au zouave qui dans les ann\u00e9es 1900 tr\u00f4nait au sommet d&rsquo;un ancien moulin.<br>Des expositions sont organis\u00e9es sur divers th\u00e8mes. Des brochures et cartes postales sont \u00e9dit\u00e9es sur l&rsquo;histoire de la commune.<br>Michel Martin que nous f\u00e9licitons et encourageons, nourrit de nombreux projets pour l&rsquo;Association.<br>La Chauss\u00e9e Saint-Victor (41260)<br><\/p>\n\n\n\n<h4>Un site pour les cartes postales de Bo\u00ebsses (Loiret)<\/h4>\n\n\n\n<p>Un nouveau site d\u00e9di\u00e9 enti\u00e8rement aux cartes postales produites pour Bo\u00ebsses petit village du Loiret est disponible pour tous. Les cartes sont photographi\u00e9es et class\u00e9es par p\u00e9riode et \u00e9diteurs.<br>Voici le lien : http:\/\/www.boesses-cartes-postales.com<br>Cliquer sur le bouton :<\/p>\n\n\n\n<h4>Un site pour les cartes postales de l&rsquo;Ile d&rsquo;Oleron<\/h4>\n\n\n\n<p>Un nouveau site d\u00e9di\u00e9 enti\u00e8rement aux cartes postales produites pour l&rsquo;Ile d&rsquo;Oleron est disponible pour tous. Les photos des cartes sont incorpor\u00e9es progressivement.<br>Voici le lien : http:\/\/www.ile-oleron-cartes-postales.com<br>Cliquer sur le bouton :<\/p>\n\n\n\n<h4>Histoire et Vies du 10e<\/h4>\n\n\n\n<p><br>L&rsquo;exposition de la Phototh\u00e8que des Jeunes Parisiens \u00ab\u00a0Paris retrouv\u00e9 &#8211; 10 ans de recherche, 10 ans de trouvailles\u00a0\u00bb a \u00e9t\u00e9 organis\u00e9e du 19 septembre au 2 octobre 2007 \u00e0 la Mairie du 4e arrondissement (salle Jean Mouly) 2 place Baudoyer, M\u00b0 H\u00f4tel de Ville<br><br>Nous avons \u00e9t\u00e9 surpris par le nombre et la qualit\u00e9 des documents expos\u00e9s (cartes postales, photos, etc.) retra\u00e7ant la vie de la capitale et des Parisien(ne)s.<br><\/p>\n\n\n\n<h4>La presse encart\u00e9e<\/h4>\n\n\n\n<p><br>Pour le 63\u00e8 d\u00eener du Vieux Papier, mercredi 10 octobre 2007,Jeannine CHRISTOPHE a anim\u00e9e une causerie sur \u00ab\u00a0La presse encart\u00e9e\u00a0\u00bb ou comment les journaux ont utilis\u00e9 le vecteur de la carte postale.<br><\/p>\n\n\n\n<h4>Exposition \u00e0 Neuilly sur Seine du 3 au 9 novembre 2006<\/h4>\n\n\n\n<p>A l&rsquo;occasion de son 70\u00e8me anniversaire, l&rsquo;Association Philat\u00e9lique et Cartophile de Neuilly a organis\u00e9 du 3 au 9 novembre 2006, une exposition de timbres, de marques postales et cartes postales sur l&rsquo;histoire de Neuilly.<br>Nous avons vivement appr\u00e9ci\u00e9 les collections de nos adh\u00e9rents Marie-Fran\u00e7oise et Jean LOIRET, Christian MONNET, consacr\u00e9es \u00e0 la ville de Neuily et remarquablement pr\u00e9sent\u00e9es.<br>Les panneaux mettaient en relief de nombreux th\u00e8mes : les transports, les institutions scolaires, la f\u00eate \u00e0 neu-neu, Luna-Park, les cartes fantaisies, etc &#8230;<br>Un grand merci aux organisateurs et aux exposants.<\/p>\n\n\n\n<h4>Exposition &#8211; Les dessous de la carte postale &#8211; Histoires et pratiques sociales de 1869 \u00e0 nos jours<\/h4>\n\n\n\n<p>Superbe exposition organis\u00e9e par le Mus\u00e9e de la Poste 34, rue de Vaugirard \u00e0 Paris 15\u00e8me du 16 octobre 2006 au 2 mars 2007.<\/p>\n\n\n\n<h4>Les mouvements sociaux de 1900 \u00e0 1930<\/h4>\n\n\n\n<p>La commission administrative de la Bourse du Travail de Paris, la Mairie du 10\u00e8 et l&rsquo;association Histoires &amp; Vies du 10\u00e8 (Pr\u00e9sidente Jeannine Christophe) ont pr\u00e9sent\u00e9 du 11 au 30 septembre 2006, \u00e0 l&rsquo;occasion des journ\u00e9es du patrimoine 2006, une exposition de cartes postales de Michel Toulet sur<br>\u00a0\u00bb Les mouvements sociaux de 1900 \u00e0 1930 \u00ab\u00a0<br>\u00e0 la Bourse du Travail 3, rue du Ch\u00e2teau d&rsquo;Eau \u00e0 Paris<br>Une conf\u00e9rence-d\u00e9bat a \u00e9t\u00e9 anim\u00e9e par Daniel Wolfromn journaliste \u00e0 France 2.<br>Les cartes postales, r\u00e9parties sur 20 panneaux, ont illustr\u00e9s avec intensit\u00e9 et \u00e9motion tous les grands mouvements sociaux du d\u00e9but du XX\u00e8 si\u00e8cle.<br>La vari\u00e9t\u00e9,la richesse et la raret\u00e9 des cartes ont fait de cette exposition un \u00e9v\u00e8nement d&rsquo;une qualit\u00e9 exceptionnelle. Merci aux organisateurs et \u00e0 Michel Toulet pour nous avoir fait d\u00e9couvrir ces t\u00e9moignags du pass\u00e9.<\/p>\n\n\n\n<h4>Centenaire de la Bourse du Travail de Saint-Ouen<\/h4>\n\n\n\n<p>A l initiative de&nbsp;<strong>Claude Fricot<\/strong>&nbsp;et \u00e0 l occasion du&nbsp;<strong>Centenaire de la Bourse du Travail de Saint-Ouen<\/strong>&nbsp;,&nbsp;<strong>Michel TOULET<\/strong>&nbsp;a pr\u00e9sent\u00e9 une exposition de cartes postales sur les&nbsp;<strong>GREVES<\/strong>&nbsp;du 18 au 25 novembre 2005 30, rue Ambroise Croizat 93400 Saint-Ouen<\/p>\n\n\n\n<h4>Madame Nicole HUET 9, square Lamartine 78960 Voisins le Bretonneux<\/h4>\n\n\n\n<p>Liquidation du stock des originaux de presse d&rsquo;ALEXANDRE. Sur tous les th\u00e8mes, ainsi que sur les cartes postales et les photocopies des dessins de presse.<\/p>\n\n\n\n<h4>Exposition STEINLEN du 11 novembre 2004 au 13 f\u00e9vrier 2005<\/h4>\n\n\n\n<p>Une exposition de plus de 120 \u0153uvres de Th\u00e9ophile Alexandre Steinlen, en provenance de la collection GHEZ et des collections du Mus\u00e9e de Montmartre, a \u00e9t\u00e9 organis\u00e9e du 11 novembre 2004 au 13 f\u00e9vrier 2005, au Mus\u00e9e Montmartre, 12 rue Corot 75018 Paris.<br>Dans le cadre de cette exposition, le 11 d\u00e9cembre 2004 \u00e0 15h30, une conf\u00e9rence de G\u00e9rard Millot sur \u00ab\u00a0Steinlen et la chanson\u00a0\u00bb a \u00e9t\u00e9 suivie d&rsquo;une signature du livre de Jacques Christophe.<br><\/p>\n\n\n\n<h4>La m\u00e9daille de la Ville de Nantes cat\u00e9gorie Arts Plastiques<\/h4>\n\n\n\n<p>Lors des Journ\u00e9es Nantaises 2002 de la Carte Postale, notre ami et adh\u00e9rent Denis SEIGNEZ a eu l&rsquo;honneur de recevoir la m\u00e9daille de la Ville de Nantes cat\u00e9gorie Arts Plastiques dans le cadre du troph\u00e9e de la carte d&rsquo;or. Denis SEIGNEZ : 224, rue de Paris 95150 Taverny T\u00e9l. : 01 39 32 13 64<\/p>\n\n\n\n<h4>Une lettre de M\u00e9decins Sans Fronti\u00e8res<\/h4>\n\n\n\n<p>Nous avons re\u00e7u du Service Donateurs de M\u00e9decins Sans Fronti\u00e8res une lettre dont nous extrayons les passages suivants : \u00ab\u00a0J&rsquo;ai bien re\u00e7u le don que vous venez de faire \u00e0 l&rsquo;occasion d&rsquo;une vente de cartes postales de collection organis\u00e9e par le CFCCP. Je tiens \u00e0 vous remercier chaleureusement. Au del\u00e0 de mes remerciements, c&rsquo;est la reconnaissance de tous les M\u00e9decins Sans fronti\u00e8res que je tiens \u00e0 vous exprimer. Votre soutien nous permet de faire face aux nombreuses crises et urgences auxquelles nous sommes confront\u00e9es quotidiennement &#8230; Gr\u00e2ce \u00e0 vous, nos \u00e9quipes sur le terrain, m\u00e9decins, infirmiers et logisticiens disposent des moyens n\u00e9cessaires pour porter \u00e0 travers le monde un merveilleux message d&rsquo;espoir &#8230;\u00a0\u00bb<\/p>\n\n\n\n<h4>Le travail des femmes du 8 au 20 mars 2002<\/h4>\n\n\n\n<p>L&rsquo;exposition cartophile de Michel Toulet sur le \u00ab\u00a0Travail des femmes\u00a0\u00bb qui s&rsquo;est tenue du 8 au 20 mars 2002, \u00e0 la mairie du 10\u00e8 arrondissement, \u00e0 Paris, sous l&rsquo;\u00e9gide de la Soci\u00e9t\u00e9 Historique que pr\u00e9side Jeannine Christophe a connu un franc succ\u00e8s. La causerie inaugurale a \u00e9t\u00e9 assur\u00e9e par le pr\u00e9sident du CFCCP Serge Zeyons.<\/p>\n\n\n\n<h4>Bi centenaire de la naissance de Victor Hugo<\/h4>\n\n\n\n<p>Le bi centenaire de la naissance de Victor Hugo a \u00e9t\u00e9 c\u00e9l\u00e9br\u00e9 au Cercle le 8 juin 2002, salle Bellini, rue Delambre, par une brillante causerie d&rsquo;Andr\u00e9 Prives accompagn\u00e9e d&rsquo;une projection de cartes postales. Parmi les documents pr\u00e9sent\u00e9s figurait une carte postale peu connue montrant l&rsquo;int\u00e9rieur de la salle Victor Hugo (h\u00f4tel particulier au 101, avenue Victor Hugo) \u00e0 Paris. Dans cette salle se donnaient des repr\u00e9sentations th\u00e9\u00e2trales. L&rsquo;immeuble a \u00e9t\u00e9 d\u00e9moli en 1956 (Cf. la reproduction de la carte dans le n\u00b0 120 du cartophile.<\/p>\n\n\n\n<h4>Mus\u00e9e de la Carte Postale \u00e0 ANTIBES<\/h4>\n\n\n\n<p>Le Mus\u00e9e de la Carte Postale 4, avenue Tournelli 06600 Antibes ( \u00e0 5 mn \u00e0 pied de la gare et de l&rsquo;office du Tourisme)T\u00e9l. : 04 93 34 24 88<br>Ouvert tous les jours (sauf le lundi) de 14h \u00e0 18 h<br>Ce mus\u00e9e \u00e0 pour cr\u00e9ateur et conservateur notre ami et adh\u00e9rent Christian de Flandre<br>Fruit d&rsquo;une passion exceptionnelle, d&rsquo;une collection qui ne l&rsquo;est pas moins et d&rsquo;une connaissance approfondie du sujet, il m\u00e9rite une visite prolong\u00e9e.<br>L&rsquo;exposition comprend 3 parties :<br>1- historique de la carte postale illustr\u00e9e<br>2- th\u00e9matiques diverses propres \u00e0 la carte postale<br>3- pr\u00e9sentation temporaire d&rsquo;un sujet<br>A quoi s&rsquo;ajoutent des accessoires tout \u00e0 fait \u00e9tonnants<br>Exposition janvier-f\u00e9vrier-mars \u00ab\u00a0Salon International de la voyance\u00a0\u00bb<br>avril-mai-juin \u00ab\u00a0Longueurs et pointes\u00a0\u00bb<br>juillet-aout-septembre \u00ab\u00a0Souvenirs de Pyjamapolis\u00a0\u00bb<br>octobre-novembre-d\u00e9cembre \u00ab\u00a0Le fer \u00e0 cheval\u00a0\u00bb<\/p>\n\n\n\n<h4>L&rsquo;Association Fran\u00e7aise des Collectionneurs Olympiques et Sportifs<\/h4>\n\n\n\n<p>Comprend 3 sections : philat\u00e9lie, numismatique, m\u00e9moire des jeux olympiques. Adh\u00e9sion 22,87 euros. Secr\u00e9taire g\u00e9n\u00e9ral : Bernard Pajani 24, chemin du Pr\u00e9 la Dame 74210 Faverges<\/p>\n\n\n\n<h4>Le Club des Collectionneurs de CP de stades de football<\/h4>\n\n\n\n<p>Regroupe tous les collectionneurs du th\u00e8me, en cartes fran\u00e7aises et \u00e9trang\u00e8res, anciennes et modernes. S&rsquo;adresser \u00e0 : M. J\u00e9r\u00f4me Demeraux 14, all\u00e9e des sapins 57600 Forbach T\u00e9l. : 03 87 85 57 16<\/p>\n\n\n\n<h4>Un Autre CFCCP<\/h4>\n\n\n\n<p>Si vous voulez conna\u00eetre un \u00ab\u00a0concurrent\u00a0\u00bb du cercle , allez \u00e0 la page 6 du document suivant&nbsp;<a href=\"http:\/\/www.cfccp.com\/documents\/ccsme.pdf\" target=\"_blank\" rel=\"noreferrer noopener\">ccsme.pdf<\/a>.<\/p>\n\n\n<p><!--EndFragment--><\/p>\n<p><\/p>\n\n\n<p><strong><em><a href=\"http:\/\/www.cfccp.net\/index.php\/archives\/\">&lt;=\u00a0\u00a0 RETOUR AUX ARCHIVES<\/a><\/em><\/strong><\/p>\n","protected":false},"excerpt":{"rendered":"<p>&lt;=\u00a0\u00a0 RETOUR AUX ARCHIVES Cette page vous permet de consulter les anciennes informations du site web du CFCCP. 44\u00e8me salon&hellip;<\/p>\n","protected":false},"author":4,"featured_media":0,"parent":190,"menu_order":0,"comment_status":"closed","ping_status":"closed","template":"","meta":[],"_links":{"self":[{"href":"https:\/\/www.cfccp.net\/index.php\/wp-json\/wp\/v2\/pages\/214"}],"collection":[{"href":"https:\/\/www.cfccp.net\/index.php\/wp-json\/wp\/v2\/pages"}],"about":[{"href":"https:\/\/www.cfccp.net\/index.php\/wp-json\/wp\/v2\/types\/page"}],"author":[{"embeddable":true,"href":"https:\/\/www.cfccp.net\/index.php\/wp-json\/wp\/v2\/users\/4"}],"replies":[{"embeddable":true,"href":"https:\/\/www.cfccp.net\/index.php\/wp-json\/wp\/v2\/comments?post=214"}],"version-history":[{"count":7,"href":"https:\/\/www.cfccp.net\/index.php\/wp-json\/wp\/v2\/pages\/214\/revisions"}],"predecessor-version":[{"id":1100,"href":"https:\/\/www.cfccp.net\/index.php\/wp-json\/wp\/v2\/pages\/214\/revisions\/1100"}],"up":[{"embeddable":true,"href":"https:\/\/www.cfccp.net\/index.php\/wp-json\/wp\/v2\/pages\/190"}],"wp:attachment":[{"href":"https:\/\/www.cfccp.net\/index.php\/wp-json\/wp\/v2\/media?parent=214"}],"curies":[{"name":"wp","href":"https:\/\/api.w.org\/{rel}","templated":true}]}}