{"id":194,"date":"2019-09-20T14:38:36","date_gmt":"2019-09-20T12:38:36","guid":{"rendered":"http:\/\/www.cfccp.net\/?page_id=194"},"modified":"2023-01-02T15:36:02","modified_gmt":"2023-01-02T14:36:02","slug":"espace-adherents","status":"publish","type":"page","link":"https:\/\/www.cfccp.net\/index.php\/espace-adherents\/","title":{"rendered":"Adh\u00e9rents\/Annonces"},"content":{"rendered":"\n<p class=\"has-text-align-left\">Cet espace d\u00e9di\u00e9 permet \u00e0 chacun de trouver les informations sur le processus d&rsquo;adh\u00e9sion ou de renouvellement de cotisation.  Il est compl\u00e9t\u00e9 par une pr\u00e9sentation du CFCCP (statuts, missions, activit\u00e9s, gouvernance). A terme nous envisageons une proc\u00e9dure  \u00e0 distance pour faire participer chacun aux dispersions. <\/p>\n\n\n\n<p class=\"has-primary-color has-text-color has-background\" style=\"background-color:#0bf332\">Pour renouveler votre cotisation,                      <strong><a href=\"http:\/\/www.cfccp.net\/index.php\/espace-adherents\/cotisation\/\">RENDEZ VOUS ICI<\/a><\/strong><\/p>\n\n\n\n<p class=\"has-primary-color has-text-color has-background\" style=\"background-color:#f8ee0d\">Pour adh\u00e9rer au CFCCP,                                        <strong><a href=\"http:\/\/www.cfccp.net\/index.php\/espace-adherents\/adhesion\/\">RENDEZ VOUS ICI<\/a><\/strong><\/p>\n\n\n\n<p class=\"has-text-align-left has-background\" style=\"background-color:#07fed9\">Pour consulter des extraits des statuts,             <strong><a href=\"http:\/\/www.cfccp.net\/index.php\/espace-adherents\/statuts\/\">RENDEZ VOUS ICI<\/a><\/strong><\/p>\n\n\n\n<p class=\"has-text-align-left has-quaternary-background-color has-background\">Pour consulter l&rsquo;organigramme du Cercle,       <strong><a href=\"http:\/\/www.cfccp.net\/index.php\/espace-adherents\/gouvernance\/\">RENDEZ VOUS ICI<\/a><\/strong><\/p>\n\n\n\n<p class=\"has-text-align-left has-quinary-background-color has-text-color has-background\" style=\"color:#fa100c\"><strong><em>ATTENTION  ! A terme, l&rsquo;acc\u00e8s \u00e0 certains espaces de cette rubrique sera r\u00e9serv\u00e9 aux adh\u00e9rents \u00e0 jour de cotisation. Une authentification sera n\u00e9cessaire en utilisant les codes re\u00e7us.  POUR LE MOMENT, TOUTES LES PAGES SONT PUBLIQUES.<\/em><\/strong><\/p>\n\n\n\n<p class=\"has-quinary-background-color has-background\">Pour consulter les annonces,                              <strong><a href=\"http:\/\/www.cfccp.net\/index.php\/espace-adherents\/annonces\/\">RENDEZ VOUS ICI<\/a><\/strong><\/p>\n\n\n\n<p>&#8212;&#8212;&#8212;&#8212;&#8212;&#8212;&#8212;&#8212;&#8212;&#8212;&#8212;&#8212;&#8212;&#8212;&#8212;&#8212;&#8212;&#8212;&#8212;&#8212;&#8212;&#8212;&#8212;&#8212;&#8212;&#8212;-<\/p>\n\n\n\n<p><strong>POUR SUIVRE LA VIE DU CERCLE, N&rsquo;OUBLIEZ PAS DE CONSULTER REGULIEREMENT LES ARTICLES RECENTS EN CLIQUANT CI-DESSOUS :<\/strong><\/p>\n\n\n<ul class=\"wp-block-latest-posts__list is-grid columns-3 wp-block-latest-posts\"><li><a href=\"https:\/\/www.cfccp.net\/index.php\/2025\/09\/23\/le-cartophile-212-est-sous-presse\/\">Le Cartophile 212 est sous presse.<\/a><\/li>\n<li><a href=\"https:\/\/www.cfccp.net\/index.php\/2025\/09\/13\/forum-des-associations-a-la-mairie-du-15eme\/\">Forum des Associations \u00e0 la Mairie du 15\u00e8me<\/a><\/li>\n<li><a href=\"https:\/\/www.cfccp.net\/index.php\/2025\/09\/13\/vpn-permanente\/\">VPN permanente<\/a><\/li>\n<li><a href=\"https:\/\/www.cfccp.net\/index.php\/2025\/04\/26\/salon-des-collectionneurs-ce-w-e-26-27-avril-2025\/\">Salon des collectionneurs ce W-E 26-27 avril 2025<\/a><\/li>\n<li><a href=\"https:\/\/www.cfccp.net\/index.php\/2025\/01\/22\/prochaines-dates-fevrier-mars-2025\/\">Prochaines dates : f\u00e9vrier mars 2025<\/a><\/li>\n<li><a href=\"https:\/\/www.cfccp.net\/index.php\/2025\/01\/22\/44e-bourse-de-chevilly-larue-94-le-2-fevrier-2025\/\">44e Bourse de Chevilly-Larue (94) le 2 f\u00e9vrier 2025<\/a><\/li>\n<\/ul>","protected":false},"excerpt":{"rendered":"<p>Cet espace d\u00e9di\u00e9 permet \u00e0 chacun de trouver les informations sur le processus d&rsquo;adh\u00e9sion ou de renouvellement de cotisation. Il&hellip;<\/p>\n","protected":false},"author":4,"featured_media":197,"parent":0,"menu_order":5,"comment_status":"closed","ping_status":"closed","template":"","meta":[],"_links":{"self":[{"href":"https:\/\/www.cfccp.net\/index.php\/wp-json\/wp\/v2\/pages\/194"}],"collection":[{"href":"https:\/\/www.cfccp.net\/index.php\/wp-json\/wp\/v2\/pages"}],"about":[{"href":"https:\/\/www.cfccp.net\/index.php\/wp-json\/wp\/v2\/types\/page"}],"author":[{"embeddable":true,"href":"https:\/\/www.cfccp.net\/index.php\/wp-json\/wp\/v2\/users\/4"}],"replies":[{"embeddable":true,"href":"https:\/\/www.cfccp.net\/index.php\/wp-json\/wp\/v2\/comments?post=194"}],"version-history":[{"count":29,"href":"https:\/\/www.cfccp.net\/index.php\/wp-json\/wp\/v2\/pages\/194\/revisions"}],"predecessor-version":[{"id":3641,"href":"https:\/\/www.cfccp.net\/index.php\/wp-json\/wp\/v2\/pages\/194\/revisions\/3641"}],"wp:featuredmedia":[{"embeddable":true,"href":"https:\/\/www.cfccp.net\/index.php\/wp-json\/wp\/v2\/media\/197"}],"wp:attachment":[{"href":"https:\/\/www.cfccp.net\/index.php\/wp-json\/wp\/v2\/media?parent=194"}],"curies":[{"name":"wp","href":"https:\/\/api.w.org\/{rel}","templated":true}]}}