{"id":1898,"date":"2020-08-13T14:59:30","date_gmt":"2020-08-13T12:59:30","guid":{"rendered":"http:\/\/www.cfccp.net\/?page_id=1898"},"modified":"2021-12-14T18:14:51","modified_gmt":"2021-12-14T17:14:51","slug":"annonce-adh","status":"publish","type":"page","link":"https:\/\/www.cfccp.net\/index.php\/espace-adherents\/annonces\/annonce-adh\/","title":{"rendered":"Annonces de nos adh\u00e9rents (recherches, contacts)"},"content":{"rendered":"\n<p><em><strong><a href=\"http:\/\/www.cfccp.net\/index.php\/espace-adherents\/annonces\/\">&lt;== RETOUR<\/a><\/strong><\/em><\/p>\n\n\n\n<p style=\"background-color:#fff700\" class=\"has-background\"> <em>Cette page d&rsquo;annonces vous propose des <strong>informations \u00e9manant de nos adh\u00e9rents<\/strong> sur leurs recherches et sur des \u00e9v\u00e9nements qu&rsquo;ils organisent ou auxquels ils contribuent (conf\u00e9rences, salons, expositions, \u00e9dition de livre ou de CP).  N&rsquo;h\u00e9sitez pas \u00e0 nous informer sur la messagerie du Cercle<\/em>  <a href=\"mailto:cfccpnet@gmail.com\">cfccpnet@gmail.com<\/a>  <\/p>\n\n\n<h3>Recherches sur Marseille (13)<\/h3>\n<p>Monsieur Bruno Ferrara, adh\u00e9rent marseillais du Cercle, souhaite informer de l&rsquo;extension de ses th\u00e8mes de recherche aux CPA, CPSM et CPM sur : Tramway de Marseille, Bus de Marseille, M\u00e9tro de Marseille, et bien s\u00fbr Stade V\u00e9lodrome de Marseille. Adresse de contact sur l&rsquo;annuaire CFCCP 2021.<\/p>\n<p style=\"text-align: right;\"><em>(mise en ligne novembre 2021)<\/em><\/p>\n<h3>Editeur \u00e0 l&rsquo;\u00e9toile (Emaillographie Gaston Piprot)<\/h3>\n<p>Bonjour \u00e0 toutes et \u00e0 tous,<\/p>\n<p>Je recherche des informations pour compl\u00e9ter des cartolistes de l&rsquo;<strong>\u00e9diteur Etoile<\/strong> (Paris, 2 rue d&rsquo;Amsterdam) pour les communes de l&rsquo;ouest parisien. Ces CPA ont un aspect glac\u00e9 au grain tr\u00e8s fin &#8211;<strong><em>\u00a0\u00e9maillographie, proc\u00e9d\u00e9 brevet\u00e9<\/em><\/strong> &#8211; et proposent des vues savamment mises en sc\u00e8ne. Les vues, qui rappellent des tirages de plaques de verre, en noir et blanc bord\u00e9es d&rsquo;un cadre blanc, pr\u00e9sentent une \u00e9toile \u00e0 5 branches, noire ou blanche selon le fond, et d&rsquo;une l\u00e9gende comme \u00e9crite \u00e0 la plume. Une s\u00e9rie partant du n\u00b0 1 est ouverte pour chaque localit\u00e9. L&rsquo;\u00e9diteur a prosp\u00e9r\u00e9 entre 1907 et 1913 selon les cachets postaux.\u00a0<\/p>\n<p>Salutations cartophiles\u00a0 \u00a0 \u00a0Jean Larour\u00a0 \u00a0 \u00a0 \u00a0 <a href=\"mailto:jean.larour@gmail.com\">jean.larour@gmail.com<\/a>\u00a0<\/p>\n<p style=\"text-align: right;\"><em>(mise en ligne 22 avril 2021)<\/em><\/p>\n<h3>Aide pour la sortie du bloc philat\u00e9lique Napol\u00e9on 1er le 17 avril 2021<\/h3>\n<p>Chers amis du CFCCP,<\/p>\n<p>Je suis Patrick DELVERT, pr\u00e9sident de la SMT \u2013 Soci\u00e9t\u00e9 Melunaise de Timbrologie \u2013 FFAP\u00a0: 1 \u2013 139.<\/p>\n<p>Le bloc philat\u00e9lique Napol\u00e9on 1<sup>er<\/sup>\u00a0sort le samedi 17 avril. Un cachet 1<sup>er<\/sup> jour sera disponible (normalement\u2026) \u00e0 la poste de Fontainebleau. Voir en PJ.\u00a0Nous avons pens\u00e9 r\u00e9aliser des Cartes Maximum \u00e0 cette occasion, mais la boutique du ch\u00e2teau de Fontainebleau n\u2019a pas ces visuels qui sont des reproductions de tableaux install\u00e9s \u00e0 Chantilly et au Louvre\u2026\u00a0A cause du Covid, il nous est impossible de nous d\u00e9placer et les boutiques sont a priori ferm\u00e9es\u2026<\/p>\n<p>Vous \u00eates donc notre derni\u00e8re chance\u00a0! Nous cherchons les 2 cartes postales pouvant \u00eatre le support exact de ces 2 visuels\u00a0:<\/p>\n<p>&#8211;\u00a0\u00a0\u00a0\u00a0\u00a0\u00a0\u00a0\u00a0\u00a0\u00a0Bonaparte consul (tableau \u00e0 Chantilly)<\/p>\n<p>&#8211;\u00a0\u00a0\u00a0\u00a0\u00a0\u00a0\u00a0\u00a0\u00a0\u00a0Napol\u00e9on \u00e0 St H\u00e9l\u00e8ne (tableau au Louvre, mais \u00ab\u00a0Malmaison\u00a0\u00bb inscrit sur la CPA\u00a0: voir en PJ)<\/p>\n<p>Dans l\u2019espoir que vous pourrez nous venir en aide\u2026\u00a0\u00a0Cordialement.<\/p>\n<p>Patrick DELVERT\u00a006 26 09 57 71<\/p>\n<p style=\"text-align: right;\"><em>(mise en ligne le 6 mars 2021)<\/em><\/p>\n\n\n<figure class=\"wp-block-image\"><img loading=\"lazy\" width=\"957\" height=\"389\" src=\"http:\/\/www.cfccp.net\/wp-content\/uploads\/2021\/04\/bloc-napoleon.jpg\" alt=\"\" class=\"wp-image-2590\" srcset=\"https:\/\/www.cfccp.net\/wp-content\/uploads\/2021\/04\/bloc-napoleon.jpg 957w, https:\/\/www.cfccp.net\/wp-content\/uploads\/2021\/04\/bloc-napoleon-300x122.jpg 300w, https:\/\/www.cfccp.net\/wp-content\/uploads\/2021\/04\/bloc-napoleon-768x312.jpg 768w, https:\/\/www.cfccp.net\/wp-content\/uploads\/2021\/04\/bloc-napoleon-600x244.jpg 600w\" sizes=\"(max-width: 957px) 100vw, 957px\" \/><\/figure>\n\n\n<h3>Sortie du livre de M. Demarcke sur la CP de 1871 \u00e0 1910<\/h3>\n<div>Bonjour Monsieur le pr\u00e9sident&nbsp;<\/div>\n<div>Suite \u00e0 nos pr\u00e9c\u00e9dents \u00e9changes je porte \u00e0 votre connaissance la parution prochaine de mon ouvrage&nbsp;<b>LE&nbsp;<i>R\u00c9SEAU SOCIAL<\/i>&nbsp;\u00c0 L\u2019AURORE DU 20<sup>\u00e8me<\/sup>&nbsp;SI\u00c8CLE&nbsp;:&nbsp;LA&nbsp;<i>CARTE POSTALE<\/i>&nbsp;de&nbsp;1871&nbsp;\u00e0&nbsp;1910<\/b><\/div>\n<div>Je me permets de vous adresser en pi\u00e8ce jointe le bordereau de souscription \u00e9dit\u00e9 en fin du dernier num\u00e9ro 51 de CPMAG afin que vous puissiez relayer cette information sans compter. <strong>(Voir ci-dessous)<\/strong><\/div>\n<div>\n<div>Je vous remercie de votre obligeance et vous adresse mes meilleures salutations cartophiles&nbsp;<\/div>\n<\/div>\n<div><b>Votre abonn\u00e9 Vincent DEMARCKE &nbsp;<\/b><\/div>\n<div style=\"text-align: right;\"><em>(mise en ligne avril 2021)<\/em><\/div>\n\n\n<div class=\"wp-block-image\"><figure class=\"aligncenter\"><img loading=\"lazy\" width=\"709\" height=\"1024\" src=\"http:\/\/www.cfccp.net\/wp-content\/uploads\/2021\/04\/livre-demarcke-709x1024.jpg\" alt=\"\" class=\"wp-image-2592\" srcset=\"https:\/\/www.cfccp.net\/wp-content\/uploads\/2021\/04\/livre-demarcke-709x1024.jpg 709w, https:\/\/www.cfccp.net\/wp-content\/uploads\/2021\/04\/livre-demarcke-208x300.jpg 208w, https:\/\/www.cfccp.net\/wp-content\/uploads\/2021\/04\/livre-demarcke-600x867.jpg 600w, https:\/\/www.cfccp.net\/wp-content\/uploads\/2021\/04\/livre-demarcke.jpg 720w\" sizes=\"(max-width: 709px) 100vw, 709px\" \/><\/figure><\/div>\n\n\n<h3>Histoire du 10 rue Muller \u00e0 Montmartre<\/h3>\n<p>Je suis \u00e0 la recherche de tout document ou information concernant <strong>l\u2019histoire du 10 de la rue Muller, Paris 18\u00e8me,<\/strong> \u00e0 Montmartre <strong>entre 1880 et 1980.<\/strong><\/p>\n<p>Alexandre Raizman&nbsp;&nbsp;06 73 59 73 97<\/p>\n<p style=\"text-align: right;\"><em>(mise en ligne le 6 mars 2021)<\/em><\/p>\n<h3>Adh\u00e9rent recherche CP et C-photos du 91, dont Marolles en Hurepoix<\/h3>\n<p>Je recherche pour <strong>ma collection personnelle<\/strong> les cartes (cpa, cpsm, cpm ou <strong>carte-<\/strong><strong>photos<\/strong>) ainsi que tous documents (factures, menus, livres etc.) de<strong> MAROLLES EN HUREPOIX<\/strong>, LEUDEVILLE, CHEPTAINVILLE,&nbsp;&nbsp;AVRAINVILLE, GUIBEVILLE, ARPAJON, BRETIGNY SUR ORGE, LE PLESSIS PATE, LA NORVILLE, LA BRETONNIERE et EGLY, toutes ces localit\u00e9s<br>&nbsp;\u00e9tant situ\u00e9es dans le 91 (Essonne, anciennement Seine et Oise). Plus<strong> cartes-photos localis\u00e9es du 91.<\/strong><\/p>\n<p>&nbsp;Si vous en poss\u00e9dez, merci de me faire un scan et\/ou de me contacter <strong>DIRECTEMENT.&nbsp;<\/strong> Merci de me r\u00e9pondre: G\u00e9rard POTYLO,&nbsp;&nbsp;15 rue Transversale, 91630- MAROLLES EN HUREPOIX<\/p>\n<p style=\"text-align: right;\"><em>(mise en ligne 20 ao\u00fbt 2020)<\/em><\/p>\n<h3>Mus\u00e9e de la CP d&rsquo;Antibes 1er juillet &#8211; 30 septembre 2020<\/h3>\n<p>Une id\u00e9e de voyage en France pour l\u2019\u00e9t\u00e9\u2026<\/p>\n<p><em>Notre adh\u00e9rent Christian Deflandre, membre du conseil d\u2019Administration du CFCCP et repr\u00e9sentant du Cercle en PACA, nous communique :<\/em><\/p>\n<h4 class=\"has-text-align-center\"><strong><b>\u201c<\/b>JEUX DE MAINS<b>\u201c&nbsp; &nbsp;<\/b><\/strong><a href=\"https:\/\/museedelacartepostale.fr\/exposition-temporaire-actuelle\/\"><u>EXPOSITION TEMPORAIRE DU 1ER JUILLET AU 30 SEPTEMBRE 2020<\/u><\/a><\/h4>\n<p>En plus de son exposition permanente avec visite audio-guid\u00e9e, le&nbsp;<strong>Mus\u00e9e de la Carte Postale<\/strong>&nbsp;vous pr\u00e9sente une&nbsp;<strong>exposition temporaire de cartes postales anciennes relatives \u00e0 la repr\u00e9sentation des mains.<\/strong><\/p>\n<p>Si vous ressentez toujours une&nbsp;<strong>impression de frustration \u00e0 ne pas pouvoir saluer vos amis par une franche poign\u00e9e de main<\/strong>, sachez que vous n\u2019\u00eates pas seul. Le signal de la suppression totale des \u00ab&nbsp;<strong>gestes-barri\u00e8res<\/strong>&nbsp;\u00bb n\u2019a pas encore \u00e9t\u00e9 donn\u00e9. En attendant, pour&nbsp;<strong>retrouver le plaisir des salutations traditionnelles<\/strong>&nbsp;vous pouvez visiter l\u2019exposition temporaire du Mus\u00e9e de la Carte Postale intitul\u00e9e&nbsp;:&nbsp;\u00ab&nbsp;<strong>Jeux de mains&nbsp;<\/strong>\u00bb.<\/p>\n<p>Sous certaines conditions&nbsp;:&nbsp;<strong>port du masque obligatoire<\/strong>,&nbsp;<strong>d\u00e9sinfection des mains \u00e0 l\u2019entr\u00e9e<\/strong>,&nbsp;<strong>parcours fl\u00e9ch\u00e9<\/strong>&nbsp;et&nbsp;<strong>distances \u00e0 respecter<\/strong>,&nbsp;<strong>pas de contact tactile avec les vitrines<\/strong>&nbsp;<em>(on ne touche qu\u2019avec les yeux)<\/em>, pas de vestiaire, ni de toilettes,&nbsp;<strong>jamais plus de 10 visiteurs en m\u00eame temps<\/strong>&nbsp;dans l\u2019enceinte du mus\u00e9e.&nbsp;<strong>Visites audio-guid\u00e9es en Fran\u00e7ais, Anglais, Allemand, Espagnol ou Italien<\/strong>.&nbsp;<em>(Nettoyage et d\u00e9sinfection des audio-guides apr\u00e8s chaque utilisation)<\/em>. Le plus incroyable \u00e9tant qu\u2019<strong>en d\u00e9pit de ces aust\u00e8res mesures de s\u00e9curit\u00e9<\/strong>, les&nbsp;<strong>cartes postales<\/strong>&nbsp;<em>(qui ont surv\u00e9cu \u00e0 des \u00e9v\u00e9nements bien plus dramatiques)<\/em>&nbsp;ont gard\u00e9 intact&nbsp;<strong>leur pouvoir de s\u00e9duction pour vous entra\u00eener dans un voyage exceptionnel \u00e0 travers l\u2019espace et le temps<\/strong>.<\/p>\n<p><strong>LE MUS\u00c9E DE LA CARTE POSTALE, <\/strong><strong>4 avenue Tournelli, 06600 Antibes<\/strong><\/p>\n<p><strong>Contact :<\/strong>&nbsp;04.93.34.24.88 \u2013&nbsp;<a href=\"mailto:museedelacartepostale@gmail.com\" target=\"_blank\" rel=\"noopener noreferrer\">museedelacartepostale@gmail.com<\/a><br>Ouvert de 14h \u00e0 18h du mardi au dimanche inclus&nbsp;<em>(ferm\u00e9 le lundi).<\/em><br>Tarif d\u2019entr\u00e9e : 8\u20ac&nbsp;<em>(gratuit pour les moins de 12 ans).<\/em><\/p>\n<p style=\"text-align: right;\"><em>(mise en ligne 6 juillet 2020)<\/em><\/p>\n\n\n<div class=\"wp-block-image\"><figure class=\"aligncenter is-resized\"><img loading=\"lazy\" src=\"http:\/\/www.cfccp.net\/wp-content\/uploads\/2020\/07\/carte-postale-main-amour-machiste.jpg\" alt=\"\" class=\"wp-image-1568\" width=\"638\" height=\"405\" srcset=\"https:\/\/www.cfccp.net\/wp-content\/uploads\/2020\/07\/carte-postale-main-amour-machiste.jpg 850w, https:\/\/www.cfccp.net\/wp-content\/uploads\/2020\/07\/carte-postale-main-amour-machiste-300x191.jpg 300w, https:\/\/www.cfccp.net\/wp-content\/uploads\/2020\/07\/carte-postale-main-amour-machiste-768x488.jpg 768w, https:\/\/www.cfccp.net\/wp-content\/uploads\/2020\/07\/carte-postale-main-amour-machiste-600x381.jpg 600w\" sizes=\"(max-width: 638px) 100vw, 638px\" \/><\/figure><\/div>\n\n\n\n<p><em><strong><a href=\"http:\/\/www.cfccp.net\/index.php\/espace-adherents\/annonces\/\">&lt;== RETOUR<\/a><\/strong><\/em><\/p>\n\n\n<h3>Le site officiel de Cartes Postales Magazine en ligne le 23 Juin 2020<\/h3>\n<p>CP Mag ( <a href=\"mailto:cartes.postales.magazine@gmail.com\">cartes.postales.magazine@gmail.com<\/a> ) communique&nbsp;:<\/p>\n<p>Nous sommes ravis de vous annoncer la mise en ligne de notre site internet. Venez d\u00e9couvrir nos services, nos offres et produits, et nos actualit\u00e9s.&nbsp;&nbsp;<strong><a href=\"https:\/\/www.cartes-postales-magazine.com\/\">CP Mag officiel<\/a> <\/strong><\/p>\n<p style=\"text-align: right;\"><em>(mise en ligne 26 juin 2020)<\/em><\/p>","protected":false},"excerpt":{"rendered":"<p>&lt;== RETOUR Cette page d&rsquo;annonces vous propose des informations \u00e9manant de nos adh\u00e9rents sur leurs recherches et sur des \u00e9v\u00e9nements&hellip;<\/p>\n","protected":false},"author":4,"featured_media":1907,"parent":1900,"menu_order":1,"comment_status":"closed","ping_status":"closed","template":"","meta":[],"_links":{"self":[{"href":"https:\/\/www.cfccp.net\/index.php\/wp-json\/wp\/v2\/pages\/1898"}],"collection":[{"href":"https:\/\/www.cfccp.net\/index.php\/wp-json\/wp\/v2\/pages"}],"about":[{"href":"https:\/\/www.cfccp.net\/index.php\/wp-json\/wp\/v2\/types\/page"}],"author":[{"embeddable":true,"href":"https:\/\/www.cfccp.net\/index.php\/wp-json\/wp\/v2\/users\/4"}],"replies":[{"embeddable":true,"href":"https:\/\/www.cfccp.net\/index.php\/wp-json\/wp\/v2\/comments?post=1898"}],"version-history":[{"count":21,"href":"https:\/\/www.cfccp.net\/index.php\/wp-json\/wp\/v2\/pages\/1898\/revisions"}],"predecessor-version":[{"id":2944,"href":"https:\/\/www.cfccp.net\/index.php\/wp-json\/wp\/v2\/pages\/1898\/revisions\/2944"}],"up":[{"embeddable":true,"href":"https:\/\/www.cfccp.net\/index.php\/wp-json\/wp\/v2\/pages\/1900"}],"wp:featuredmedia":[{"embeddable":true,"href":"https:\/\/www.cfccp.net\/index.php\/wp-json\/wp\/v2\/media\/1907"}],"wp:attachment":[{"href":"https:\/\/www.cfccp.net\/index.php\/wp-json\/wp\/v2\/media?parent=1898"}],"curies":[{"name":"wp","href":"https:\/\/api.w.org\/{rel}","templated":true}]}}