{"id":1891,"date":"2020-08-10T11:45:56","date_gmt":"2020-08-10T09:45:56","guid":{"rendered":"http:\/\/www.cfccp.net\/?page_id=1891"},"modified":"2021-12-15T08:44:00","modified_gmt":"2021-12-15T07:44:00","slug":"annonce-sal","status":"publish","type":"page","link":"https:\/\/www.cfccp.net\/index.php\/espace-adherents\/annonces\/annonce-sal\/","title":{"rendered":"Annonces cartophiles (salons, livres, expos)"},"content":{"rendered":"\n<p><strong><em><a href=\"http:\/\/www.cfccp.net\/index.php\/espace-adherents\/annonces\/\">&lt;==  RETOUR<\/a><\/em><\/strong><\/p>\n\n\n\n<p style=\"background-color:#fcf402\" class=\"has-background\">Cette page d&rsquo;annonces vous propose des informations \u00e9manant de nos adh\u00e9rents sur des \u00e9v\u00e9nements (conf\u00e9rences, salons, expositions, \u00e9dition de livre ou de CP). Nous ouvrons aussi cette page \u00e0 des collectionneurs, clubs et associations oeuvrant pour le d\u00e9veloppement de la cartophilie.  N&rsquo;h\u00e9sitez pas \u00e0 nous informer sur la messagerie du Cercle  <a href=\"mailto:cfccpnet@gmail.com\">cfccpnet@gmail.com<\/a> <\/p>\n\n\n\n<p style=\"color:#ff0303\" class=\"has-text-color\"><strong>COMPTE TENU DES INCERTITUDES SANITAIRES ET DES ANNULATIONS POSSIBLES, CETTE LISTE EST DONNEE SOUS TOUTE RESERVE. LES LECTEURS SONT PRIES DE PRENDRE TOUS RENSEIGNEMENTS AUPRES DES ORGANISATEURS AVANT DE SE DEPLACER.<\/strong><\/p>\n\n\n<p><span style=\"color: #ff0000;\"><strong>Salon toutes collections de V\u00e9lizy-Villacoublay\u00a0 ATTENTION\u00a0 NOUVELLE DATE ET NOUVELLE SALLE<\/strong><\/span><\/p>\n<p><strong>Dimanche 20 f\u00e9vrier 2022\u00a0 &#8211;\u00a0 Centre L\u2019Ariane (contig\u00fce \u00e0 l\u2019H\u00f4tel Best-Western), 1 bis place de l\u2019Europe, 78140 VELIZY-VILLACOUBLAY &#8211; 35\u00e8me Salon toutes Collections\u00a0 &#8211;\u00a0 <\/strong><strong>Horaires : de 9h \u00e0 17h<\/strong>\u00a0<\/p>\n<ul>\n<li>La manifestation a lieu en int\u00e9rieur, dans le respect des consignes de s\u00e9curit\u00e9 et des gestes barri\u00e8res.<\/li>\n<li>Nombre d\u2019exposants pr\u00e9sents : entre 20 et 30 avec 100 \u00e0 150 m. de tables fournies.<\/li>\n<li>Qualit\u00e9 des exposants : professionnels, particuliers, auto-entrepreneurs.<\/li>\n<li>Entr\u00e9e des visiteurs : gratuite, dans le respect des consignes de s\u00e9curit\u00e9 et des gestes barri\u00e8res.<\/li>\n<li>Tramway T6 \u00ab\u00a0Ch\u00e2tillon-Viroflay\u00a0\u00bb :\u00a0 station Inovel-Parc-Nord, et aller vers l\u2019H\u00f4tel Best-Western, dans le virage, \u00e0 200m.<\/li>\n<li>Acc\u00e8s en voiture : Par l\u2019autoroute A86, sortie VELIZY CENTRE, Prendre direction Centre Commercial R\u00e9gional V2. C\u2019est \u00e0 2 km \u00e0 gauche, l\u2019Ariane est contig\u00fce \u00e0 l\u2019H\u00f4tel.<\/li>\n<li>Parkings v\u00e9hicules : devant l\u2019ensemble H\u00f4tel-Centre (le long du trottoir), derri\u00e8re parking grand-ensemble, parking Centre Commercial \u00e0 1 km.<\/li>\n<li>Buvette \u2013 casse-cro\u00fbte : en attente de validation<\/li>\n<\/ul>\n\n\n<div class=\"wp-block-image\"><figure class=\"aligncenter is-resized\"><img loading=\"lazy\" src=\"http:\/\/www.cfccp.net\/wp-content\/uploads\/2021\/12\/salon-velizy2022.jpg\" alt=\"\" class=\"wp-image-2946\" width=\"374\" height=\"529\" srcset=\"https:\/\/www.cfccp.net\/wp-content\/uploads\/2021\/12\/salon-velizy2022.jpg 499w, https:\/\/www.cfccp.net\/wp-content\/uploads\/2021\/12\/salon-velizy2022-212x300.jpg 212w\" sizes=\"(max-width: 374px) 100vw, 374px\" \/><\/figure><\/div>\n\n\n\n<ul><li><strong>EXPOSITION et CONFERENCE 12-13 f\u00e9vrier 2021, Bois-Colombes<\/strong>     Notre vice-pr\u00e9sident, <strong>Michel Toulet<\/strong>, exposera les 12 et 13 f\u00e9vrier 2022 au Centre Charlemagne \u00e0 Bois-Colombes une partie de sa collection sur les attelages et les voitures \u00e0 la Belle \u00c9poque. Il tiendra \u00e9galement une conf\u00e9rence le 12 f\u00e9vrier \u00e0 15 h. <strong>La bourse multi-collections, quant \u00e0 elle, aura lieu le dimanche 13.<\/strong>  Centre Charlemagne, 7 Rue F\u00e9lix Braquet, (face \u00e0 la mairie de Bois-Colombes)  <em>(mise en ligne 14 d\u00e9cembre 2021)<\/em><\/li><\/ul>\n\n\n\n<div class=\"wp-block-image\"><figure class=\"aligncenter is-resized\"><img loading=\"lazy\" src=\"http:\/\/www.cfccp.net\/wp-content\/uploads\/2021\/12\/BC-mag-Toulet.jpg\" alt=\"\" class=\"wp-image-2939\" width=\"488\" height=\"376\" srcset=\"https:\/\/www.cfccp.net\/wp-content\/uploads\/2021\/12\/BC-mag-Toulet.jpg 650w, https:\/\/www.cfccp.net\/wp-content\/uploads\/2021\/12\/BC-mag-Toulet-300x231.jpg 300w, https:\/\/www.cfccp.net\/wp-content\/uploads\/2021\/12\/BC-mag-Toulet-600x462.jpg 600w\" sizes=\"(max-width: 488px) 100vw, 488px\" \/><\/figure><\/div>\n\n\n\n<div class=\"wp-block-image\"><figure class=\"aligncenter is-resized\"><img loading=\"lazy\" src=\"http:\/\/www.cfccp.net\/wp-content\/uploads\/2021\/12\/BC-charlemagne-Toulet.jpg\" alt=\"\" class=\"wp-image-2940\" width=\"623\" height=\"335\" srcset=\"https:\/\/www.cfccp.net\/wp-content\/uploads\/2021\/12\/BC-charlemagne-Toulet.jpg 831w, https:\/\/www.cfccp.net\/wp-content\/uploads\/2021\/12\/BC-charlemagne-Toulet-300x161.jpg 300w, https:\/\/www.cfccp.net\/wp-content\/uploads\/2021\/12\/BC-charlemagne-Toulet-768x412.jpg 768w, https:\/\/www.cfccp.net\/wp-content\/uploads\/2021\/12\/BC-charlemagne-Toulet-600x322.jpg 600w\" sizes=\"(max-width: 623px) 100vw, 623px\" \/><figcaption>Lieu de la conf\u00e9rence de Michel Toulet 12\/2\/2021<\/figcaption><\/figure><\/div>\n\n\n\n<ul><li>G\u00e9rard Keller et  Le Club Multi-collections \u00ab\u00a0Les Chasseurs d&rsquo;Images\u00a0\u00bb&nbsp; nous informent de la tenue du <strong>117<\/strong><sup><strong>\u00e8me<\/strong><\/sup><strong> &nbsp;Salon de l\u2019Univers&nbsp;du Parfum, de la Carte Postale, Philat\u00e9lie, Numismatique, Capsules de champagne, Disques Vinyles, Jouets Anciens, Ours et Poup\u00e9es, Disques Vinyles, Arts de la Table, Fa\u00efences de Sarreguemines, Antiquit\u00e9s, Brocante de Qualit\u00e9 et Diverses Collections<\/strong> qui se d\u00e9roulera \u00e0 68100 <strong>MULHOUSE<\/strong>, Parc des Expositions, 120 rue Lef\u00e8bvre, le <strong>dimanche &nbsp;13 f\u00e9vrier 2022 <\/strong>de 9 h \u00e0 17 h. Pr\u00e8s de 200 exposants venant de divers pays europ\u00e9ens seront pr\u00e9sents et re\u00e7us dans une salle d\u2019exposition de 5 000  m\u00b2, soit environ 2 kilom\u00e8tres lin\u00e9aires d\u2019exposants et nous b\u00e9n\u00e9ficions d\u2019un vaste parking gratuit de 2 500 places y attenant.                                                  (<em>mise en ligne 10 d\u00e9cembre 2021<\/em>)<\/li><\/ul>\n\n\n\n<div class=\"wp-block-image\"><figure class=\"aligncenter is-resized\"><img loading=\"lazy\" src=\"http:\/\/www.cfccp.net\/wp-content\/uploads\/2021\/12\/Flyers-13-f\u00e9vrier-2022-717x1024.jpg\" alt=\"\" class=\"wp-image-2934\" width=\"538\" height=\"768\" srcset=\"https:\/\/www.cfccp.net\/wp-content\/uploads\/2021\/12\/Flyers-13-f\u00e9vrier-2022-717x1024.jpg 717w, https:\/\/www.cfccp.net\/wp-content\/uploads\/2021\/12\/Flyers-13-f\u00e9vrier-2022-210x300.jpg 210w, https:\/\/www.cfccp.net\/wp-content\/uploads\/2021\/12\/Flyers-13-f\u00e9vrier-2022-768x1097.jpg 768w, https:\/\/www.cfccp.net\/wp-content\/uploads\/2021\/12\/Flyers-13-f\u00e9vrier-2022-1600x2286.jpg 1600w, https:\/\/www.cfccp.net\/wp-content\/uploads\/2021\/12\/Flyers-13-f\u00e9vrier-2022-600x857.jpg 600w, https:\/\/www.cfccp.net\/wp-content\/uploads\/2021\/12\/Flyers-13-f\u00e9vrier-2022.jpg 1736w\" sizes=\"(max-width: 538px) 100vw, 538px\" \/><\/figure><\/div>\n\n\n\n<ul><li><strong>St\u00e9phane Goetz nous informe de la tenue du salon de Poissy (78) <\/strong>le 27 mars prochain.    <em> (mise en ligne Novembre 2021)  <\/em> <\/li><\/ul>\n\n\n\n<div class=\"wp-block-image\"><figure class=\"aligncenter is-resized\"><img loading=\"lazy\" src=\"http:\/\/www.cfccp.net\/wp-content\/uploads\/2021\/11\/Poissy-22mars22.jpg\" alt=\"\" class=\"wp-image-2895\" width=\"563\" height=\"793\" srcset=\"https:\/\/www.cfccp.net\/wp-content\/uploads\/2021\/11\/Poissy-22mars22.jpg 563w, https:\/\/www.cfccp.net\/wp-content\/uploads\/2021\/11\/Poissy-22mars22-213x300.jpg 213w\" sizes=\"(max-width: 563px) 100vw, 563px\" \/><\/figure><\/div>\n\n\n\n<ul><li><strong>Fran\u00e7oise Valette<\/strong> propose un <strong>livre <\/strong>sur sa collection-passion : <strong>Fl\u00e2nerie dans la Carte postale Aluminium<\/strong>. Merci de la contacter directement selon les indications du flyer ci-dessous.                                         <em> (mise en ligne Novembre 2021)    <\/em><\/li><\/ul>\n\n\n\n<div class=\"wp-block-image\"><figure class=\"aligncenter is-resized\"><img loading=\"lazy\" src=\"http:\/\/www.cfccp.net\/wp-content\/uploads\/2021\/11\/Valette-667x1024.jpg\" alt=\"\" class=\"wp-image-2889\" width=\"500\" height=\"768\" srcset=\"https:\/\/www.cfccp.net\/wp-content\/uploads\/2021\/11\/Valette-667x1024.jpg 667w, https:\/\/www.cfccp.net\/wp-content\/uploads\/2021\/11\/Valette-195x300.jpg 195w, https:\/\/www.cfccp.net\/wp-content\/uploads\/2021\/11\/Valette-768x1179.jpg 768w, https:\/\/www.cfccp.net\/wp-content\/uploads\/2021\/11\/Valette-600x921.jpg 600w, https:\/\/www.cfccp.net\/wp-content\/uploads\/2021\/11\/Valette.jpg 1144w\" sizes=\"(max-width: 500px) 100vw, 500px\" \/><\/figure><\/div>\n\n\n<h3>Sortie du livre de M. DEMARCKE sur la CP de 1871 \u00c0 1910<\/h3>\n<div>Bonjour Monsieur le pr\u00e9sident,&nbsp;<\/div>\n<div>Suite \u00e0 nos pr\u00e9c\u00e9dents \u00e9changes je porte \u00e0 votre connaissance la parution prochaine de mon ouvrage&nbsp;<b>LE&nbsp;<i>R\u00c9SEAU SOCIAL<\/i>&nbsp;\u00c0 L\u2019AURORE DU 20<sup>\u00e8me<\/sup>&nbsp;SI\u00c8CLE&nbsp;:&nbsp;LA&nbsp;<i>CARTE POSTALE<\/i>&nbsp;de&nbsp;1871&nbsp;\u00e0&nbsp;1910<\/b><\/div>\n<div>Je me permets de vous adresser en pi\u00e8ce jointe le bordereau de souscription \u00e9dit\u00e9 en fin du dernier num\u00e9ro 51 de CPMAG afin que vous puissiez relayer cette information sans compter.&nbsp;<strong>(Voir ci-dessous)<\/strong><\/div>\n<div>\n<div>Je vous remercie de votre obligeance et vous adresse mes meilleures salutations cartophiles&nbsp;<\/div>\n<\/div>\n<div><b>Votre abonn\u00e9 Vincent DEMARCKE &nbsp;<\/b><\/div>\n<div style=\"text-align: right;\"><em>(mise en ligne avril 2021)<\/em><\/div>\n\n\n<div class=\"wp-block-image\"><figure class=\"aligncenter is-resized\"><img loading=\"lazy\" src=\"http:\/\/www.cfccp.net\/wp-content\/uploads\/2021\/04\/livre-demarcke-709x1024.jpg\" alt=\"\" class=\"wp-image-2592\" width=\"532\" height=\"768\" srcset=\"https:\/\/www.cfccp.net\/wp-content\/uploads\/2021\/04\/livre-demarcke-709x1024.jpg 709w, https:\/\/www.cfccp.net\/wp-content\/uploads\/2021\/04\/livre-demarcke-208x300.jpg 208w, https:\/\/www.cfccp.net\/wp-content\/uploads\/2021\/04\/livre-demarcke-600x867.jpg 600w, https:\/\/www.cfccp.net\/wp-content\/uploads\/2021\/04\/livre-demarcke.jpg 720w\" sizes=\"(max-width: 532px) 100vw, 532px\" \/><\/figure><\/div>\n\n\n<h3>Un livre sur les collectionneurs<\/h3>\n<p>Sous le titre <strong>DANS LA M\u00caME COLLECTION &#8211; Histoires de collectionneurs d\u2019hier et d\u2019aujourd\u2019hui<\/strong>, monsieur <strong>Marc Verspyck<\/strong> publie un ouvrage de 240 pages pr\u00e9sentant une approche philosophique de la collection et des collectionneurs qui pourrait int\u00e9resser les cartophiles que nous sommes &#8211;&nbsp; sans compter nos autres collections&#8230; :<\/p>\n<p><em>\u00ab\u00a0Si les collections forment une mosa\u00efque d&rsquo;objets, elles sont avant tout une mosa\u00efque de passions, d&rsquo;instincts, de hasards et de rencontres. Pourquoi collectionne-t-on ? La litt\u00e9rature, la philosophie, la psychanalyse et l&rsquo;observation de nos contemporains nous \u00e9clairent sans doute davantage que les propos des collectionneurs eux-m\u00eames. Comment collectionne-t-on ? Par son espace de libert\u00e9 et son absence de r\u00e8gles chacun peut assouvir sa passion. Une passion toujours, une obsession souvent, un rem\u00e8de parfois, un gouffre financier fr\u00e9quemment &#8211; la collection est \u00e9galement un jeu, un miroir et un voyage. Bismarck collectionnait des thermom\u00e8tres, Sacha Guitry des soldats de plomb et Tom Hanks des machines \u00e0 \u00e9crire&#8230;\u00a0\u00bb<\/em><\/p>\n<p>Editions L&rsquo;Harmattan, Paris, 2021&nbsp; &nbsp;<strong><a href=\"https:\/\/www.editions-harmattan.fr\/livre-dans_la_meme_collection_histoires_de_collectionneurs_d_hier_et_d_aujourd_hui_marc_verspyck-9782343220314-68188.html\">LIEN<\/a>&nbsp;<\/strong><\/p>\n<p style=\"text-align: right;\"><em>(mise en ligne mars 2021)<\/em><\/p>\n<h3>March\u00e9 aux collectionneurs de Saint Mand\u00e9<\/h3>\n<p>C&rsquo;est avec plaisir que nous vous confirmons la tenue du march\u00e9 aux collectionneurs. Les stands \u00e9tant en plein air, nos amis marchands de CP profitent de la r\u00e9glementation qui autorise la vente de tous les articles sur les march\u00e9s en plein air.&nbsp;<\/p>\n<p><strong>Rendez-vous tous les mercredis matins avenue Galli\u00e9ni, en sortie du m\u00e9tro Saint Mand\u00e9 (ligne 1), quel que soit le temps. La fermeture officielle est \u00e0 16h mais il est prudent de venir d\u00e8s 8h, en tout cas avant midi.<\/strong><\/p>\n<p style=\"text-align: right;\"><em>(mise en ligne mars 2021)<\/em><\/p>\n<h3>Mulhouse, 18 octobre 2020<\/h3>\n<p>Nous vous informons de l&rsquo;organisation, selon le respect des Protocoles Sanitaires propos\u00e9s par le Parc des Expositions, du 115\u00e8me Salon de l&rsquo;Univers du Parfum, Bijoux, <strong>Cartes Postales<\/strong>, Philat\u00e9lie, Numismatique, Jouets Anciens, Ours et Poup\u00e9es, Arts de la Table, Antiquit\u00e9s, Brocante de Qualit\u00e9 et Diverses Collections,&nbsp;<strong>le 18 octobre 2020, \u00e0 68100 Mulhouse, Parc des Expositions, 120, rue Lef\u00e8bvre<\/strong>, sous l&rsquo;\u00e9gide de la Ville de Mulhouse \u00ab&nbsp;Port du Masque Obligatoire &#8211; Recommandation d&rsquo;avoir un Flacon Gel Hydroalcoolique&nbsp;\u00bb.<\/p>\n<p>Nous vous recommandons cet \u00e9v\u00e9nement le plus important de la R\u00e9gion \u00ab\u00a0Grand Est\u00a0\u00bb, sur 5000m2, 2km de stands occup\u00e9s par 200 exposants, fr\u00e9quent\u00e9 par des Collectionneurs, Historiens, Auteurs de Livres, bien nombreux, de toutes les R\u00e9gions Fran\u00e7aises et des Pays Europ\u00e9en limitrophes. D\u00e8s \u00e0 pr\u00e9sent, nous sommes heureux de vous accueillir tant en exposant que de visiteur, pour cet \u00e9v\u00e9nement tant attendu.<\/p>\n<p>A l&rsquo;exposition, il sera pr\u00e9sent\u00e9 le th\u00e8me : \u00ab\u00a060\u00e8me Anniversaire du Lancement du Paquebot FRANCE\u00a0\u00bb. La Carte Postale Souvenir du Jour Paquebot FRANCE est disponible moyennant un soutien de 2 Euros + Port.<\/p>\n<p><em>En cas de confinement suite \u00e0 une nouvelle vague de Covid 19, le Salon sera suspendu et soit vous serez rembours\u00e9 ou votre inscription sera report\u00e9e aux Salons suivants le 14 f\u00e9vrier 2021, soit au 24 octobre 2021.<\/em><\/p>\n<p>D&rsquo;avance Grand Merci et au plaisir de vous rencontrer.&nbsp;Bien Cordialement. G\u00e9rard Keller<\/p>\n<p>Club Multicollections \u00ab\u00a0Les Chasseurs d&rsquo;Images\u00a0\u00bb P.A. G\u00e9rard Keller* 12a, Avenue Gustave Dollfus, 68400 Riedisheim&nbsp;&nbsp; T\u00e9l. 0389644396 &nbsp;&#8211; &nbsp;Port. 0608530468 <a href=\"mailto:gerard.keller68@orange.fr\">gerard.keller68@orange.fr<\/a><\/p>\n<p><u>Prochains Ev\u00e8nements :<\/u><\/p>\n<p>Salon des Collectionneurs de l&rsquo;Univers du Parfum, Bijoux, Carte Postale, Philat\u00e9lie, Numismatique, Jouets Anciens, Arts et Design, Antiquit\u00e9s, Brocante de Qualit\u00e9 et Diverses Collections, 68100 Mulhouse, Parc des Expositions, 120, rue Lef\u00e8bvre :&nbsp;18 Octobre 2020 &#8211; 14 F\u00e9vrier 2021 &#8211; 24 Octobre 2021 &#8211; 13 F\u00e9vrier 2022 -23 Octobre 2022 de 9 h 00 \u00e0 17 h 00.<\/p>\n<p><strong>Entr\u00e9e 4 Euros &#8211; 2 Euros \u00e0 partir de 16 h 00 &#8211; Gratuit pour les enfants de moins de 15 ans &nbsp;accompagn\u00e9s<\/strong><\/p>\n<p style=\"text-align: right;\"><em>(mise en ligne ao\u00fbt 2020)<\/em><\/p>\n\n\n<div class=\"wp-block-image\"><figure class=\"aligncenter is-resized\"><img loading=\"lazy\" src=\"http:\/\/www.cfccp.net\/wp-content\/uploads\/2020\/08\/FRANCE-2020-07-07-005-709x1024.jpg\" alt=\"\" class=\"wp-image-1896\" width=\"512\" height=\"355\"\/><figcaption>CP souvenir (C)  Club Multicollections \u00ab\u00a0Les Chasseurs d&rsquo;Images\u00a0\u00bb  <\/figcaption><\/figure><\/div>\n\n\n<h3>Maillaut, photographes \u00e9diteurs ayant oeuvr\u00e9 en Normandie (Orne)<\/h3>\n<p>Message de la part de Marc MAILLAUT (t\u00e9l : 06.61.58.91.10) Email : marcmaillaut@gmail.com<br>Monsieur,<br>Dans le cadre d&rsquo;une recherche g\u00e9n\u00e9alogique, je souhaite retrouver des informations concernant l&rsquo;\u00e9dition des collections de mes anc\u00eatres suivants qui ont \u00e9dit\u00e9es des cartes postales en Normandie.<br>&#8211; Alexandre Maillaut : mon arri\u00e8re arri\u00e8re grand-p\u00e8re<br>&#8211; Alfred Maillaut : mon arri\u00e8re grand-p\u00e8re<br>&#8211; Eug\u00e8ne F\u00e9lix Maillaut : mon arri\u00e8re grand-oncle<br>Est-il possible d&rsquo;avoir un aper\u00e7u de l&rsquo;ensemble des collections de ceux-ci ?<br>En vous remerciant de l&rsquo;int\u00e9r\u00eat que vous voudrez bien porter \u00e0 cette demande, recevez Monsieur l&rsquo;expression de mes sinc\u00e8res salutations.<br>Marc Maillaut<\/p>\n<p style=\"text-align: right;\"><em>(mise en ligne juillet 2020)<\/em><\/p>\n<h3>Saint Mand\u00e9 rouvre le 17 juin 2020<\/h3>\n<p>Le mercredi 17 juin, le march\u00e9 aux vieux papiers de Saint Mand\u00e9 rouvre apr\u00e8s 3 mois d\u2019interruption par la covid-19. C&rsquo;est le seul endroit o\u00f9 toucher de la carte en l&rsquo;absence de salons. Avenue Galli\u00e9ni et avenue de Paris, 94 Saint Mand\u00e9, M\u00e9tro 1 &#8211; Saint Mand\u00e9, Tramway T3a &#8211; Porte de Vincennes.<\/p>\n<p><strong data-rich-text-format-boundary=\"true\">Rappelons que ce march\u00e9 se tient tous les mercredis de 8h \u00e0 15h, quel que soit le temps.<\/strong> Une occasion de d\u00e9nicher la perle rare et de rencontrer des adh\u00e9rents du CFCCP.<\/p>\n<p style=\"text-align: right;\"><em>(mise en ligne juin 2020)<\/em><\/p>\n\n\n<div class=\"wp-block-image\"><figure class=\"aligncenter is-resized\"><img loading=\"lazy\" src=\"http:\/\/www.cfccp.net\/wp-content\/uploads\/2020\/06\/IMG_4780-s-1024x624.jpg\" alt=\"\" class=\"wp-image-1548\" width=\"512\" height=\"312\" srcset=\"https:\/\/www.cfccp.net\/wp-content\/uploads\/2020\/06\/IMG_4780-s-1024x624.jpg 1024w, https:\/\/www.cfccp.net\/wp-content\/uploads\/2020\/06\/IMG_4780-s-300x183.jpg 300w, https:\/\/www.cfccp.net\/wp-content\/uploads\/2020\/06\/IMG_4780-s-768x468.jpg 768w, https:\/\/www.cfccp.net\/wp-content\/uploads\/2020\/06\/IMG_4780-s-1600x975.jpg 1600w, https:\/\/www.cfccp.net\/wp-content\/uploads\/2020\/06\/IMG_4780-s-600x365.jpg 600w\" sizes=\"(max-width: 512px) 100vw, 512px\" \/><\/figure><\/div>\n\n\n\n<p><strong><em><a href=\"http:\/\/www.cfccp.net\/index.php\/espace-adherents\/annonces\/\">&lt;==  RETOUR<\/a><\/em><\/strong><\/p>\n","protected":false},"excerpt":{"rendered":"<p>&lt;== RETOUR Cette page d&rsquo;annonces vous propose des informations \u00e9manant de nos adh\u00e9rents sur des \u00e9v\u00e9nements (conf\u00e9rences, salons, expositions, \u00e9dition&hellip;<\/p>\n","protected":false},"author":4,"featured_media":1907,"parent":1900,"menu_order":2,"comment_status":"closed","ping_status":"closed","template":"","meta":[],"_links":{"self":[{"href":"https:\/\/www.cfccp.net\/index.php\/wp-json\/wp\/v2\/pages\/1891"}],"collection":[{"href":"https:\/\/www.cfccp.net\/index.php\/wp-json\/wp\/v2\/pages"}],"about":[{"href":"https:\/\/www.cfccp.net\/index.php\/wp-json\/wp\/v2\/types\/page"}],"author":[{"embeddable":true,"href":"https:\/\/www.cfccp.net\/index.php\/wp-json\/wp\/v2\/users\/4"}],"replies":[{"embeddable":true,"href":"https:\/\/www.cfccp.net\/index.php\/wp-json\/wp\/v2\/comments?post=1891"}],"version-history":[{"count":33,"href":"https:\/\/www.cfccp.net\/index.php\/wp-json\/wp\/v2\/pages\/1891\/revisions"}],"predecessor-version":[{"id":2949,"href":"https:\/\/www.cfccp.net\/index.php\/wp-json\/wp\/v2\/pages\/1891\/revisions\/2949"}],"up":[{"embeddable":true,"href":"https:\/\/www.cfccp.net\/index.php\/wp-json\/wp\/v2\/pages\/1900"}],"wp:featuredmedia":[{"embeddable":true,"href":"https:\/\/www.cfccp.net\/index.php\/wp-json\/wp\/v2\/media\/1907"}],"wp:attachment":[{"href":"https:\/\/www.cfccp.net\/index.php\/wp-json\/wp\/v2\/media?parent=1891"}],"curies":[{"name":"wp","href":"https:\/\/api.w.org\/{rel}","templated":true}]}}