{"id":1215,"date":"2020-02-17T18:02:17","date_gmt":"2020-02-17T17:02:17","guid":{"rendered":"http:\/\/www.cfccp.net\/?page_id=1215"},"modified":"2020-02-17T18:11:53","modified_gmt":"2020-02-17T17:11:53","slug":"expos-images","status":"publish","type":"page","link":"https:\/\/www.cfccp.net\/index.php\/archives\/expos-images\/","title":{"rendered":"Nos expositions en images"},"content":{"rendered":"\n<p><strong><em><a href=\"http:\/\/www.cfccp.net\/index.php\/archives\/\">&lt;=  RETOUR AUX ARCHIVES<\/a><\/em><\/strong><\/p>\n\n\n<p>Les expositions pr\u00e9sent\u00e9es dans ce chapitre g\u00e9n\u00e9ralement encadrent le salon cartophile du CFCCP mais sont aussi notre participation \u00e0 d&rsquo;autres types de manifestations ext\u00e9rieures aux activit\u00e9s du cercle. Les th\u00e8mes sont s\u00e9lectionn\u00e9s par le bureau du cercle et pr\u00e9sent\u00e9s aux responsables du lieu de l&rsquo;accueil pour accord. L&rsquo;importante participation de nos adh\u00e9rents a permis de r\u00e9aliser des expositions de qualit\u00e9.<\/p>\n<p>Vous trouverez ci-dessous les informations et les photos des manifestations organis\u00e9es \u00e0 diff\u00e9rents endroits tels que Bagatelle, le parc Georges BRASSENS, la Mairie du 9\u00e8me et du 15\u00e8me, Cartexpo, Numicarta, &#8230;.<\/p>\n<p>Dans le cadre du Cinquantenaire, une grande exposition a \u00e9t\u00e9 organis\u00e9e \u00e0 la Mairie du 15\u00e8me, situ\u00e9e dans le hall d&rsquo;accueil , du 14 au 19 mars 2016 et intitul\u00e9e \u00ab\u00a0LA CELEBRITE DU XV\u00e8me \u00e0 travers la carte postale\u00a0\u00bb. Nous remercions tous les adh\u00e9rents qui ont particip\u00e9 \u00e0 la cr\u00e9ation de cette exposition et en particulier Marie PIERDAIT-FILLIE qui a assur\u00e9e la coordination de cette activit\u00e9.<\/p>\n<p><b>L&rsquo;affiche de l&rsquo;exposition 2016<\/b><\/p>\n<p>\u00a0<\/p>\n<center><img src=\"http:\/\/www.cfccp.com\/images\/expos\/expo201603\/cfccp-modafficheexpo201603\/cfccpmodexpo201603-affiche2.jpg\" width=\"520\" \/><\/center>\n<p>\u00a0<\/p>\n<h2>Liste des manifestations d\u00e9j\u00e0 r\u00e9alis\u00e9es<\/h2>\n<ul>\n<li><a href=\"http:\/\/www.cfccp.com\/cfccpexpos201604.php\">Les abattoirs de Vaugirard<\/a><\/li>\n<li><a href=\"http:\/\/www.cfccp.com\/cfccpexpos201603.php\">La c\u00e9l\u00e9brit\u00e9 du XV\u00e8me \u00e0 travers la carte postale<\/a><\/li>\n<li><a href=\"http:\/\/www.cfccp.com\/cfccpexpobrassens-2015.php\">La halle aux chevaux de Vaugirard &#8211; expo 2015 \u00e0 Brassens<\/a><\/li>\n<li><a href=\"http:\/\/www.cfccp.com\/cfccpexpobagatelle-2014.php\">Fleurs de campagne &#8211; expo 2014 \u00e0 Bagatelle<\/a><\/li>\n<li><a href=\"http:\/\/www.cfccp.com\/cfccpexpobrassens-2014.php\">Les fleurs sauvages d&rsquo;\u00cele-de-France &#8211; expo 2014 au Parc Georges Brassens<\/a><\/li>\n<li><a href=\"http:\/\/www.cfccp.com\/cfccpexpobrassens-2013.php\">Edifices du 15\u00e8me &#8211; expo 2013 au Parc Georges Brassens<\/a><\/li>\n<li><a href=\"http:\/\/www.cfccp.com\/cfccpexpobrassens-2012.php\">Cartes postales pour le cin\u00e9ma &#8211; expo 2012 au Parc Georges Brassens<\/a><\/li>\n<li><a href=\"http:\/\/www.cfccp.com\/cfccpexpobrassens-2011.php\">Les commerces de la rue \u00e0 Paris 15\u00e8me &#8211; expo 2011 au Parc Georges Brassens<\/a><\/li>\n<li><a href=\"http:\/\/www.cfccp.com\/cfccpexpoparis150anniv-2010.php\">150\u00e8me anniversaire du 15\u00e8me arrondissement de Paris &#8211; expo 2010 \u00e0 la Mairie du 15\u00e8me<\/a><\/li>\n<li><a href=\"http:\/\/www.cfccp.com\/cfccpexponumicarta57-201001.php\">Les jeux et les jouets offerts aux enfants &#8211; expo 2010 Numicarta 57 \u00e0 Bercy<\/a><\/li>\n<li><a href=\"http:\/\/www.cfccp.com\/cfccpexponumicarta56-200909.php\">4 th\u00e8mes propos\u00e9s &#8211; expo 2009 Numicarta 56 \u00e0 Bercy<\/a><\/li>\n<li><a href=\"http:\/\/www.cfccp.com\/cfccpexponumicarta55-200901.php\">Paris 12\u00e8me &#8211; expo 2009 Numicarta 55 \u00e0 Bercy<\/a><\/li>\n<li><a href=\"http:\/\/www.cfccp.com\/cfccpexpojourneesnantaises.php\">Les Journ\u00e9es Nantaises de la Carte Postale Phil&rsquo;Atlantique &#8211; expo 2008 \u00e0 Nantes<\/a><\/li>\n<li><a href=\"http:\/\/www.cfccp.com\/cfccpexpomairieparis9-2008.php\">Les bistrots de Paris &#8211; expo 2008 \u00e0 la Mairie du 9\u00e8me<\/a><\/li>\n<li><a href=\"http:\/\/www.cfccp.com\/cfccpexpomairieparis9-2007.php\">Les feux de la rampe &#8211; Les spectacles dans le 9\u00e8me &#8211; expo 2007 \u00e0 la Mairie du 9\u00e8me<\/a><\/li>\n<li><a href=\"http:\/\/www.cfccp.com\/cfccpexpomairieparis9-2006.php\">Quartier libre aux collectionneurs &#8211; expo 2006 \u00e0 la Mairie du 9\u00e8me<\/a><\/li>\n<li><a href=\"http:\/\/www.cfccp.com\/cfccpexpomairieparis9-2005.php\">Le 60\u00e8me anniversaire de la fin de la seconde guerre mondiale &#8211;<br \/>Commerces et industries dans le 9\u00e8me &#8211; expo 2005 \u00e0 la Mairie du 9\u00e8me<\/a><\/li>\n<li><a href=\"http:\/\/www.cfccp.com\/cfccpexpomairieparis9-2004.php\">Les vues du 9\u00e8me &#8211; expo 2004 \u00e0 la Mairie du 9\u00e8me<\/a><\/li>\n<\/ul>\n\n\n<p><strong><em><a href=\"http:\/\/www.cfccp.net\/index.php\/archives\/\">&lt;=  RETOUR AUX ARCHIVES<\/a><\/em><\/strong><\/p>\n","protected":false},"excerpt":{"rendered":"<p>&lt;= RETOUR AUX ARCHIVES Les expositions pr\u00e9sent\u00e9es dans ce chapitre g\u00e9n\u00e9ralement encadrent le salon cartophile du CFCCP mais sont aussi&hellip;<\/p>\n","protected":false},"author":4,"featured_media":0,"parent":190,"menu_order":15,"comment_status":"closed","ping_status":"closed","template":"","meta":[],"_links":{"self":[{"href":"https:\/\/www.cfccp.net\/index.php\/wp-json\/wp\/v2\/pages\/1215"}],"collection":[{"href":"https:\/\/www.cfccp.net\/index.php\/wp-json\/wp\/v2\/pages"}],"about":[{"href":"https:\/\/www.cfccp.net\/index.php\/wp-json\/wp\/v2\/types\/page"}],"author":[{"embeddable":true,"href":"https:\/\/www.cfccp.net\/index.php\/wp-json\/wp\/v2\/users\/4"}],"replies":[{"embeddable":true,"href":"https:\/\/www.cfccp.net\/index.php\/wp-json\/wp\/v2\/comments?post=1215"}],"version-history":[{"count":3,"href":"https:\/\/www.cfccp.net\/index.php\/wp-json\/wp\/v2\/pages\/1215\/revisions"}],"predecessor-version":[{"id":1219,"href":"https:\/\/www.cfccp.net\/index.php\/wp-json\/wp\/v2\/pages\/1215\/revisions\/1219"}],"up":[{"embeddable":true,"href":"https:\/\/www.cfccp.net\/index.php\/wp-json\/wp\/v2\/pages\/190"}],"wp:attachment":[{"href":"https:\/\/www.cfccp.net\/index.php\/wp-json\/wp\/v2\/media?parent=1215"}],"curies":[{"name":"wp","href":"https:\/\/api.w.org\/{rel}","templated":true}]}}