{"id":1038,"date":"2020-02-01T00:15:59","date_gmt":"2020-01-31T23:15:59","guid":{"rendered":"http:\/\/www.cfccp.net\/?page_id=1038"},"modified":"2020-08-07T07:21:29","modified_gmt":"2020-08-07T05:21:29","slug":"numero-105","status":"publish","type":"page","link":"https:\/\/www.cfccp.net\/index.php\/le-cartophile\/numero-105\/","title":{"rendered":"Le mythique num\u00e9ro 105 du 1er trim. 1998"},"content":{"rendered":"\n<p style=\"color:#077fb2\" class=\"has-text-color\"><strong><a href=\"http:\/\/www.cfccp.net\/index.php\/le-cartophile\/\">&lt;=  RETOUR<\/a><\/strong><\/p>\n\n\n<h3>Pourquoi mythique ?<br \/>Il marque une reprise, le num\u00e9ro 104 \u00e9tant dat\u00e9 de juin-septembre 1992. Six ans apr\u00e8s il rena\u00eet : petit fascicule de 13 pages mais avec un grand format 21x27cm, reconnaissable par sa couverture gris p\u00e2le pour le diff\u00e9rencier des nombreuses photocopies. Il f\u00fbt tir\u00e9 \u00e0 30 exemplaires ce qui explique sa raret\u00e9. A noter la pauvre qualit\u00e9 des reproductions des photos (dont nous proposons une en fin d&rsquo;article).<\/h3>\n<p><strong>Pages de couverture ext\u00e9rieure<\/strong><\/p>\n<p><img src=\"http:\/\/www.cfccp.com\/images\/cartophile\/cfccpcartophile105\/cfccpcartophile105-mod\/cfccp-carto105-couvextr-mod.jpg\" \/><\/p>\n<p><strong>Verso de la page de couverture ext\u00e9rieure<\/strong><\/p>\n<p><img src=\"http:\/\/www.cfccp.com\/images\/cartophile\/cfccpcartophile105\/cfccpcartophile105-mod\/cfccp-carto105-couvextv-mod.jpg\" \/><\/p>\n<p><strong>Page 1<\/strong><\/p>\n<p><img src=\"http:\/\/www.cfccp.com\/images\/cartophile\/cfccpcartophile105\/cfccpcartophile105-mod\/cfccp-carto105-page01-mod.jpg\" \/><\/p>\n<p><strong>Page 2<\/strong><\/p>\n<p><img src=\"http:\/\/www.cfccp.com\/images\/cartophile\/cfccpcartophile105\/cfccpcartophile105-mod\/cfccp-carto105-page02-mod.jpg\" \/><\/p>\n<p><strong>Page 3<\/strong><\/p>\n<p><img src=\"http:\/\/www.cfccp.com\/images\/cartophile\/cfccpcartophile105\/cfccpcartophile105-mod\/cfccp-carto105-page03-mod.jpg\" \/><\/p>\n<p><strong>Page 4<\/strong><\/p>\n<p><img src=\"http:\/\/www.cfccp.com\/images\/cartophile\/cfccpcartophile105\/cfccpcartophile105-mod\/cfccp-carto105-page04-mod.jpg\" \/><\/p>\n<p><strong>Page 5<\/strong><\/p>\n<p><img src=\"http:\/\/www.cfccp.com\/images\/cartophile\/cfccpcartophile105\/cfccpcartophile105-mod\/cfccp-carto105-page05-mod.jpg\" \/><\/p>\n<p><strong>Page 6<\/strong><\/p>\n<p><img src=\"http:\/\/www.cfccp.com\/images\/cartophile\/cfccpcartophile105\/cfccpcartophile105-mod\/cfccp-carto105-page06-mod.jpg\" \/><\/p>\n<p><strong>Page 7<\/strong><\/p>\n<p><img src=\"http:\/\/www.cfccp.com\/images\/cartophile\/cfccpcartophile105\/cfccpcartophile105-mod\/cfccp-carto105-page07-mod.jpg\" \/><\/p>\n<p><strong>Page 8<\/strong><\/p>\n<p><img src=\"http:\/\/www.cfccp.com\/images\/cartophile\/cfccpcartophile105\/cfccpcartophile105-mod\/cfccp-carto105-page08-mod.jpg\" \/><\/p>\n<p><strong>Page 9<\/strong><\/p>\n<p><img src=\"http:\/\/www.cfccp.com\/images\/cartophile\/cfccpcartophile105\/cfccpcartophile105-mod\/cfccp-carto105-page09-mod.jpg\" \/><\/p>\n<p><strong>Page 10<\/strong><\/p>\n<p><img src=\"http:\/\/www.cfccp.com\/images\/cartophile\/cfccpcartophile105\/cfccpcartophile105-mod\/cfccp-carto105-page10-mod.jpg\" \/><\/p>\n<p><strong>Page 11<\/strong><\/p>\n<p><img src=\"http:\/\/www.cfccp.com\/images\/cartophile\/cfccpcartophile105\/cfccpcartophile105-mod\/cfccp-carto105-page11-mod.jpg\" \/><\/p>\n<p><strong>Page 12<\/strong><\/p>\n<p><img src=\"http:\/\/www.cfccp.com\/images\/cartophile\/cfccpcartophile105\/cfccpcartophile105-mod\/cfccp-carto105-page12-mod.jpg\" \/><\/p>\n<p><strong>Page 13<\/strong><\/p>\n<p><img src=\"http:\/\/www.cfccp.com\/images\/cartophile\/cfccpcartophile105\/cfccpcartophile105-mod\/cfccp-carto105-page13-mod.jpg\" \/><\/p>\n<h3>4 photos du cartophile 105<\/h3>\n<p>Photo de la page 6 en attente<b><\/b><b><\/b><b><\/b><\/p>\n<p>Photo de la page 8 en attente<\/p>\n<p><b><\/b><b><\/b><strong>Page 12 photo 1 &#8211; Il y a foule derri\u00e8re Marc-Henri LOUVEL, encadr\u00e9 par Claudie et Jacques GUIEUX<\/strong><b><br \/><\/b><b><\/b><\/p>\n<p><img src=\"http:\/\/www.cfccp.com\/images\/reunions\/cfccp-reunion-lascases\/cfccp-reunion-lascases-1998b-mod.jpg\" \/><\/p>\n<p>Photo 2 de la page 12 photo en attente<\/p>\n<p>\u00a0<\/p>\n\n\n<p style=\"color:#077fb2\" class=\"has-text-color\"><strong><a href=\"http:\/\/www.cfccp.net\/index.php\/le-cartophile\/\">&lt;=  RETOUR<\/a><\/strong><\/p>\n","protected":false},"excerpt":{"rendered":"<p>&lt;= RETOUR Pourquoi mythique ?Il marque une reprise, le num\u00e9ro 104 \u00e9tant dat\u00e9 de juin-septembre 1992. Six ans apr\u00e8s il&hellip;<\/p>\n","protected":false},"author":4,"featured_media":1014,"parent":364,"menu_order":23,"comment_status":"closed","ping_status":"closed","template":"","meta":[],"_links":{"self":[{"href":"https:\/\/www.cfccp.net\/index.php\/wp-json\/wp\/v2\/pages\/1038"}],"collection":[{"href":"https:\/\/www.cfccp.net\/index.php\/wp-json\/wp\/v2\/pages"}],"about":[{"href":"https:\/\/www.cfccp.net\/index.php\/wp-json\/wp\/v2\/types\/page"}],"author":[{"embeddable":true,"href":"https:\/\/www.cfccp.net\/index.php\/wp-json\/wp\/v2\/users\/4"}],"replies":[{"embeddable":true,"href":"https:\/\/www.cfccp.net\/index.php\/wp-json\/wp\/v2\/comments?post=1038"}],"version-history":[{"count":5,"href":"https:\/\/www.cfccp.net\/index.php\/wp-json\/wp\/v2\/pages\/1038\/revisions"}],"predecessor-version":[{"id":1799,"href":"https:\/\/www.cfccp.net\/index.php\/wp-json\/wp\/v2\/pages\/1038\/revisions\/1799"}],"up":[{"embeddable":true,"href":"https:\/\/www.cfccp.net\/index.php\/wp-json\/wp\/v2\/pages\/364"}],"wp:featuredmedia":[{"embeddable":true,"href":"https:\/\/www.cfccp.net\/index.php\/wp-json\/wp\/v2\/media\/1014"}],"wp:attachment":[{"href":"https:\/\/www.cfccp.net\/index.php\/wp-json\/wp\/v2\/media?parent=1038"}],"curies":[{"name":"wp","href":"https:\/\/api.w.org\/{rel}","templated":true}]}}